{"id":12364,"date":"2024-10-19T16:48:29","date_gmt":"2024-10-19T20:48:29","guid":{"rendered":"https:\/\/asac.ca\/?page_id=12364"},"modified":"2026-01-15T16:24:24","modified_gmt":"2026-01-15T21:24:24","slug":"appel-a-communications-asac-2025","status":"publish","type":"page","link":"https:\/\/asac.ca\/fr\/appel-a-communications-asac-2025\/","title":{"rendered":"Appel \u00e0 communications ASAC 2026 Date limite de soumission : 25 janvier 2026 \u00e0 minuit, heure de l&#8217;Est."},"content":{"rendered":"<div class=\"wp-block-image\">\n<figure class=\"aligncenter size-large is-resized\"><a href=\"https:\/\/asac.ca\/wp-content\/uploads\/2026\/01\/ASAC_logo_4.2_rework-1024x737.png\"><img fetchpriority=\"high\" decoding=\"async\" width=\"1024\" height=\"737\" data-attachment-id=\"21537\" data-permalink=\"https:\/\/asac.ca\/fr\/conference-fr\/asac_logo_4-2_rework-2\/\" data-orig-file=\"https:\/\/asac.ca\/wp-content\/uploads\/2026\/01\/ASAC_logo_4.2_rework.png\" data-orig-size=\"5966,4294\" data-comments-opened=\"0\" data-image-meta=\"{&quot;aperture&quot;:&quot;0&quot;,&quot;credit&quot;:&quot;&quot;,&quot;camera&quot;:&quot;&quot;,&quot;caption&quot;:&quot;&quot;,&quot;created_timestamp&quot;:&quot;0&quot;,&quot;copyright&quot;:&quot;&quot;,&quot;focal_length&quot;:&quot;0&quot;,&quot;iso&quot;:&quot;0&quot;,&quot;shutter_speed&quot;:&quot;0&quot;,&quot;title&quot;:&quot;&quot;,&quot;orientation&quot;:&quot;0&quot;}\" data-image-title=\"ASAC_logo_4.2_rework\" data-image-description=\"\" data-image-caption=\"\" data-large-file=\"https:\/\/asac.ca\/wp-content\/uploads\/2026\/01\/ASAC_logo_4.2_rework-1024x737.png\" src=\"https:\/\/asac.ca\/wp-content\/uploads\/2026\/01\/ASAC_logo_4.2_rework-1024x737.png\" alt=\"\" class=\"wp-image-21537\" style=\"width:561px;height:auto\" srcset=\"https:\/\/asac.ca\/wp-content\/uploads\/2026\/01\/ASAC_logo_4.2_rework-1024x737.png 1024w, https:\/\/asac.ca\/wp-content\/uploads\/2026\/01\/ASAC_logo_4.2_rework-300x216.png 300w, https:\/\/asac.ca\/wp-content\/uploads\/2026\/01\/ASAC_logo_4.2_rework-768x553.png 768w, https:\/\/asac.ca\/wp-content\/uploads\/2026\/01\/ASAC_logo_4.2_rework-1536x1106.png 1536w, https:\/\/asac.ca\/wp-content\/uploads\/2026\/01\/ASAC_logo_4.2_rework-2048x1474.png 2048w\" sizes=\"(max-width: 1024px) 100vw, 1024px\" \/><\/a><\/figure>\n<\/div>\n\n\n<p class=\"has-text-align-center wp-block-paragraph\"><strong>22 au 25 mai 2026 | Calgary, Alberta<br><\/strong>La Bissett School of Business de l\u2019Universit\u00e9 Mount Royal du 22 au 25 mai.<\/p>\n\n\n\n<p class=\"has-text-align-center wp-block-paragraph\">Colloque autochtone : 21 mai<br>Colloque doctoral et march\u00e9 de l\u2019emploi : 22 mai.<\/p>\n\n\n\n<div style=\"height:25px\" aria-hidden=\"true\" class=\"wp-block-spacer\"><\/div>\n\n\n\n<p class=\"has-text-align-center wp-block-paragraph\"><strong>Date limite de soumission : <\/strong>25 janvier 2026 \u00e0 minuit, heure de l&#8217;Est.<\/p>\n\n\n\n<div style=\"height:25px\" aria-hidden=\"true\" class=\"wp-block-spacer\"><\/div>\n\n\n\n<p class=\"has-text-align-center wp-block-paragraph\"><a href=\"https:\/\/asac.ca\/fr\/\" target=\"_blank\" rel=\"noreferrer noopener\">Apprenez-en davantage sur l\u2019ASAC<\/a>.<\/p>\n\n\n\n<div style=\"height:25px\" aria-hidden=\"true\" class=\"wp-block-spacer\"><\/div>\n\n\n\n<p class=\"wp-block-paragraph\">L&#8217;avenir se forge gr\u00e2ce \u00e0 nos attitudes, nos r\u00e9flexions et nos actions. Quoi de mieux pour le fa\u00e7onner qu&#8217;une pens\u00e9e ouverte, une vision strat\u00e9gique et une innovation interdisciplinaire?<\/p>\n\n\n\n<p class=\"wp-block-paragraph\">Le th\u00e8me de cette ann\u00e9e, \u00ab Pens\u00e9e sans limite : fa\u00e7onner le futur \u00bb, s&#8217;adresse \u00e0 toutes les divisions de l&#8217;ASAC et offre un espace pour approfondir nos connaissances sur les technologies \u00e9mergentes, l&#8217;entrepreneuriat, les pratiques commerciales inclusives, le leadership \u00e9thique, l&#8217;innovation num\u00e9rique, le d\u00e9veloppement durable, les pratiques commerciales autochtones et une p\u00e9dagogie tourn\u00e9e vers l&#8217;avenir. Il propose une plateforme de recherche et de dialogue transformatrice<br>avec les acteurs cl\u00e9s de l&#8217;ASAC, r\u00e9unissant le monde universitaire, l&#8217;industrie et les instances nationales pour obtenir des r\u00e9sultats concrets et percutants. S&#8217;appuyant sur la m\u00e9taphore des possibilit\u00e9s infinies, \u00ab Pens\u00e9e sans limite \u00bb invite les chercheurs, les enseignants et les praticiens du management et du commerce \u00e0 d\u00e9passer les contraintes actuelles et \u00e0 imaginer des avenirs durables, inclusifs et innovants.<\/p>\n\n\n\n<p class=\"wp-block-paragraph\">\u00c0 l&#8217;ASAC 2026, vous trouverez l&#8217;inspiration et l&#8217;esprit de collaboration qui vous inciteront \u00e0 voir grand pour un avenir meilleur pour tous. Que vous soyez en d\u00e9but de parcours universitaire ou un leader d&#8217;opinion reconnu, voici l&#8217;occasion id\u00e9ale de cr\u00e9er des liens, de remettre en question les id\u00e9es re\u00e7ues et d&#8217;impulser un changement significatif dans le monde des affaires.<\/p>\n\n\n\n<p class=\"wp-block-paragraph\">Rejoignez-nous \u00e0 Calgary, ville r\u00e9put\u00e9e pour son esprit d&#8217;entreprise et son ciel bleu azur, et \u0153uvrons ensemble pour un avenir meilleur pour tous!<\/p>\n\n\n\n<div style=\"height:45px\" aria-hidden=\"true\" class=\"wp-block-spacer\"><\/div>\n\n\n\n<h2 class=\"wp-block-heading\">Aper\u00e7u de l\u2019ASAC 2026<\/h2>\n\n\n\n<div style=\"height:25px\" aria-hidden=\"true\" class=\"wp-block-spacer\"><\/div>\n\n\n\n<div class=\"wp-block-coblocks-accordion\">\n<div class=\"wp-block-coblocks-accordion-item\"><details><summary class=\"wp-block-coblocks-accordion-item__title\"><strong>Prix \u200b\u200bet subventions \u2013 11 000 $ au total<\/strong><\/summary><div class=\"wp-block-coblocks-accordion-item__content\">\n<p class=\"wp-block-paragraph\">Un total de 11 000 $ en prix et subventions de l&#8217;ASAC sera pr\u00e9sent\u00e9 lors de la conf\u00e9rence. Cela inclut les r\u00e9compenses \u00e9num\u00e9r\u00e9es ci-dessous.<\/p>\n\n\n\n<p class=\"wp-block-paragraph\">Pour postuler aux prix ci-dessous, cliquez sur le lien sous chaque prix. Le processus de candidature pour les prix ci-dessous est distinct du processus de soumission \u00e0 la conf\u00e9rence. Pour recevoir les prix et subventions \u00e9num\u00e9r\u00e9s ci-dessous, vous devez \u00eatre membre de l&#8217;ASAC.<br><br><strong>La date limite pour postuler aux prix \u00e9num\u00e9r\u00e9s ci-dessous est le 15 avril 2026. <\/strong><\/p>\n\n\n\n<div style=\"height:25px\" aria-hidden=\"true\" class=\"wp-block-spacer\"><\/div>\n\n\n\n<h4 class=\"wp-block-heading\">Bourse de recherche des anciens pr\u00e9sidents \u2013 5 000 $<\/h4>\n\n\n\n<p class=\"wp-block-paragraph\">Ce prix soutient un membre du corps professoral canadien \u00e0 temps plein pour des activit\u00e9s de recherche. En plus du prix de 5 000 $, le r\u00e9cipiendaire recevra \u00e9galement une adh\u00e9sion gratuite et une inscription \u00e0 la conf\u00e9rence pour l&#8217;ann\u00e9e suivante.&nbsp;<\/p>\n\n\n\n<p class=\"wp-block-paragraph\">Postulez ici \u00e0 partir du 15 f\u00e9vrier.<\/p>\n\n\n\n<div style=\"height:25px\" aria-hidden=\"true\" class=\"wp-block-spacer\"><\/div>\n\n\n\n<h4 class=\"wp-block-heading\">Prix \u200b\u200bUdayan Rege de la meilleure th\u00e8se \u2013 1 000 $<\/h4>\n\n\n\n<p class=\"wp-block-paragraph\">Ce prix sera d\u00e9cern\u00e9 \u00e0 la meilleure th\u00e8se de doctorat canadienne en sciences administratives. Le prix est attribu\u00e9 en m\u00e9moire du regrett\u00e9 Dr Udayan Rege, professeur de finance \u00e0 l&#8217;Universit\u00e9 Brock et ancien Pr\u00e9sident de l&#8217;ASAC. Il est rendu possible gr\u00e2ce \u00e0 un don g\u00e9n\u00e9reux de Mme Kanchan Rege pour honorer les contributions de son feu mari \u00e0 l&#8217;ASAC et \u00e0 ses membres.<\/p>\n\n\n\n<p class=\"wp-block-paragraph\">Postulez ici \u00e0 partir du 15 f\u00e9vrier.<\/p>\n\n\n\n<div style=\"height:25px\" aria-hidden=\"true\" class=\"wp-block-spacer\"><\/div>\n\n\n\n<h4 class=\"wp-block-heading\">Subvention de recherche ASAC-CJAS pour doctorat \u2013 2 500 $<\/h4>\n\n\n\n<p class=\"wp-block-paragraph\">Le Fonds de recherche ASAC-CJAS pour les doctorants soutient les \u00e9tudiants canadiens au doctorat pendant leurs recherches doctorales. En plus de la bourse, le r\u00e9cipiendaire recevra \u00e9galement un membership gratuit et l&#8217;inscription \u00e0 l&#8217;ASAC pour l&#8217;ann\u00e9e suivante.<\/p>\n\n\n\n<p class=\"wp-block-paragraph\">Postulez ici \u00e0 partir du 15 f\u00e9vrier.<\/p>\n\n\n\n<div style=\"height:25px\" aria-hidden=\"true\" class=\"wp-block-spacer\"><\/div>\n\n\n\n<h4 class=\"wp-block-heading\">Prix de l&#8217;Innovation en Recherche \u00c9tudiante \u2013 2 500 $<\/h4>\n\n\n\n<p class=\"wp-block-paragraph\">Ce prix c\u00e9l\u00e8bre les doctorants dont la recherche met en avant une pens\u00e9e innovante, que ce soit par des approches nouvelles, des perspectives uniques ou des r\u00e9sultats potentiels pouvant avoir un impact positif sur le domaine. Il reconna\u00eet les projets qui remettent en question de mani\u00e8re r\u00e9fl\u00e9chie les m\u00e9thodes conventionnelles ou explorent de nouvelles id\u00e9es, avec le potentiel de contribuer de mani\u00e8re significative \u00e0 la recherche et \u00e0 la pratique en affaires. Le r\u00e9cipiendaire de ce prix d\u00e9montre non seulement l&#8217;excellence acad\u00e9mique mais aussi un esprit cr\u00e9atif et tourn\u00e9 vers l&#8217;avenir qui incarne l&#8217;esprit d&#8217;innovation, inspirant ainsi la recherche et l&#8217;exploration futures. En plus du prix, l&#8217;\u00e9tudiant recevra \u00e9galement une adh\u00e9sion gratuite et l&#8217;inscription \u00e0 l&#8217;ASAC pour l&#8217;ann\u00e9e suivante.<\/p>\n\n\n\n<p class=\"wp-block-paragraph\">Postulez ici \u00e0 partir du 15 f\u00e9vrier.<\/p>\n<\/div><\/details><\/div>\n\n\n\n<div class=\"wp-block-coblocks-accordion-item\"><details><summary class=\"wp-block-coblocks-accordion-item__title\"><strong>Consortium doctoral<\/strong><\/summary><div class=\"wp-block-coblocks-accordion-item__content\">\n<p class=\"wp-block-paragraph\">Le consortium doctoral de l&#8217;ASAC propose une s\u00e9rie compl\u00e8te de sessions con\u00e7ues pour soutenir les \u00e9tudiants en affaires, les doctorants et les r\u00e9cents dipl\u00f4m\u00e9s dans le lancement et le d\u00e9veloppement de leur carri\u00e8re en recherche en gestion des affaires et en acad\u00e9mie.<\/p>\n\n\n\n<p class=\"wp-block-paragraph\">Avec des ateliers anim\u00e9s par des experts, des discussions interactives et des opportunit\u00e9s de r\u00e9seautage, les participants acquerront des connaissances et des comp\u00e9tences pr\u00e9cieuses pour exceller dans leur domaine.<\/p>\n<\/div><\/details><\/div>\n\n\n\n<div class=\"wp-block-coblocks-accordion-item\"><details><summary class=\"wp-block-coblocks-accordion-item__title\"><strong>CJAS Voie rapide vers la publication<\/strong><\/summary><div class=\"wp-block-coblocks-accordion-item__content\">\n<p class=\"wp-block-paragraph\">Pour reconna\u00eetre des recherches exceptionnelles et offrir un chemin direct pour une publication rapide, les articles m\u00e9ritants soumis \u00e0 l&#8217;ASAC 2026 pourront \u00eatre exclusivements invit\u00e9s \u00e0 soumettre pour publication dans une \u00e9dition sp\u00e9ciale du Canadian Journal of Administrative Sciences (CJAS).<\/p>\n\n\n\n<p class=\"wp-block-paragraph\">Le comit\u00e9 de r\u00e9daction examinera ces meilleurs articles, ainsi que les retours qu&#8217;ils recevront au cours du processus de soumission de la conf\u00e9rence, et \u00e9tendra des invitations avec des opportunit\u00e9s de r\u00e9vision et de resoumission pour publication.<\/p>\n<\/div><\/details><\/div>\n\n\n\n<div class=\"wp-block-coblocks-accordion-item\"><details><summary class=\"wp-block-coblocks-accordion-item__title\"><strong>Indig\u00e9nisation des \u00e9coles de commerce<\/strong><\/summary><div class=\"wp-block-coblocks-accordion-item__content\">\n<p class=\"wp-block-paragraph\">Le 21 mai 2026, Grey Eagle Hotel &amp; Resort.  <\/p>\n\n\n\n<p class=\"wp-block-paragraph\">ASAC s&#8217;est engag\u00e9 \u00e0 favoriser une conversation continue et \u00e0 cr\u00e9er un espace pour l&#8217;importante discussion sur l&#8217;indig\u00e9nisation des \u00e9coles de commerce \u00e0 travers le Canada. L&#8217;ann\u00e9e derni\u00e8re, ASAC a organis\u00e9 un colloque sur l&#8217;indig\u00e9nisation des \u00e9coles de commerce, s&#8217;appuyant sur les sessions d&#8217;ASAC 2023 \u2014 Pouvons-nous trouver notre chemin. Nous sommes impatients de partager plus de d\u00e9tails et de fournir une plateforme pour rassembler les gens autour de ce sujet chaque ann\u00e9e afin de maintenir l&#8217;\u00e9lan en faveur de progr\u00e8s positifs vers la r\u00e9conciliation.<\/p>\n<\/div><\/details><\/div>\n<\/div>\n\n\n\n<hr class=\"wp-block-separator has-alpha-channel-opacity\"\/>\n\n\n\n<h1 class=\"wp-block-heading\" id=\"submission-types\">Soumettre \u00e0 l&#8217;ASAC 2026<\/h1>\n\n\n\n<p class=\"wp-block-paragraph\">Nous accueillons les soumissions sur le th\u00e8me de la conf\u00e9rence, <em>Pens\u00e9e sans limite<\/em>, et tout ce qui est pertinent pour l&#8217;une de <a href=\"https:\/\/asac.ca\/fr\/divisions-2\/\">nos divisions<\/a>.<\/p>\n\n\n\n<p class=\"wp-block-paragraph\">Veuillez lire nos <a href=\"https:\/\/asac.ca\/fr\/conferences\/submission-policies-and-guidelines\/\">directives et politiques de soumission<\/a> avant de soumettre.<\/p>\n\n\n\n<div style=\"height:25px\" aria-hidden=\"true\" class=\"wp-block-spacer\"><\/div>\n\n\n\n<div class=\"wp-block-coblocks-accordion\">\n<div class=\"wp-block-coblocks-accordion-item\"><details><summary class=\"wp-block-coblocks-accordion-item__title\"><strong>Papiers Originaux<\/strong><\/summary><div class=\"wp-block-coblocks-accordion-item__content\">\n<p class=\"wp-block-paragraph\">ASAC acceptera des papiers originaux, r\u00e9dig\u00e9s en anglais ou en fran\u00e7ais et qui n&#8217;ont pas \u00e9t\u00e9 publi\u00e9s ou pr\u00e9sent\u00e9s ailleurs. Toutes les contributions seront examin\u00e9es par des pairs.<\/p>\n<\/div><\/details><\/div>\n\n\n\n<div class=\"wp-block-coblocks-accordion-item\"><details><summary class=\"wp-block-coblocks-accordion-item__title\"><strong>Travail en Cours<\/strong><\/summary><div class=\"wp-block-coblocks-accordion-item__content\">\n<p class=\"wp-block-paragraph\">L\u2019ASAC vous invite \u00e0 soumettre vos travaux en cours et \u00e0 b\u00e9n\u00e9ficier du soutien de vos coll\u00e8gues pour l\u2019\u00e9laboration de votre article. Les soumissions de travaux en cours, r\u00e9dig\u00e9es en anglais ou en fran\u00e7ais, doivent compter entre 1&nbsp;200 et 1&nbsp;500 mots (hors r\u00e9f\u00e9rences), inclure les r\u00e9f\u00e9rences bibliographiques et respecter la mise en forme d\u2019un article.<\/p>\n\n\n\n<p class=\"wp-block-paragraph\">Les r\u00e9sum\u00e9s des travaux en cours seront int\u00e9gr\u00e9s au programme de la conf\u00e9rence et pr\u00e9sent\u00e9s sous forme de tables rondes ou d\u2019affiches.<\/p>\n<\/div><\/details><\/div>\n\n\n\n<div class=\"wp-block-coblocks-accordion-item\"><details><summary class=\"wp-block-coblocks-accordion-item__title\"><strong>Affiches<\/strong><\/summary><div class=\"wp-block-coblocks-accordion-item__content\">\n<p class=\"wp-block-paragraph\">Les soumissions d&#8217;affiches sont essentiellement des travaux en cours qui donneront aux auteurs l&#8217;occasion de pr\u00e9senter leurs travaux ou leurs id\u00e9es \u00e9mergentes lors d&#8217;une s\u00e9ance de r\u00e9seautage \u00e0 l&#8217;\u00e9chelle de la conf\u00e9rence.<\/p>\n\n\n\n<p class=\"wp-block-paragraph\">Les auteurs int\u00e9ress\u00e9s par cette opportunit\u00e9 doivent soumettre leur travail en tant que travail en cours et indiquer sur leur soumission qu&#8217;ils souhaitent que leur travail soit pris en consid\u00e9ration pour une affiche.<\/p>\n\n\n\n<p class=\"wp-block-paragraph\">Chaque division s\u00e9lectionnera sa meilleure soumission de travaux en cours \u00e0 pr\u00e9senter lors de l&#8217;\u00e9v\u00e9nement de r\u00e9seautage par affiches, en plus de la pr\u00e9senter dans le cadre du programme de la division.<\/p>\n\n\n\n<p class=\"wp-block-paragraph\">Nous partagerons des directives pour d\u00e9velopper des affiches avec ceux qui sont accept\u00e9s, ainsi qu&#8217;un calendrier pour soumettre leur affiche afin que nous puissions faciliter l&#8217;impression. Les affiches devront inclure une br\u00e8ve introduction (d\u00e9finissant le contexte, identifiant les lacunes et la contribution de la recherche), la m\u00e9thodologie, les r\u00e9sultats pr\u00e9liminaires (le cas \u00e9ch\u00e9ant) et les implications.<\/p>\n<\/div><\/details><\/div>\n\n\n\n<div class=\"wp-block-coblocks-accordion-item\"><details><summary class=\"wp-block-coblocks-accordion-item__title\"><strong>Cas<\/strong><\/summary><div class=\"wp-block-coblocks-accordion-item__content\">\n<p class=\"wp-block-paragraph\">Veuillez vous r\u00e9f\u00e9rer aux <a href=\"https:\/\/asac.ca\/fr\/conferences\/asac-2022\/casedivision\/\">directives de soumission de la division des cas<\/a>. La division des cas invite des soumissions en anglais et en fran\u00e7ais, que ce soit dans les voies r\u00e9guli\u00e8res ou les cas en d\u00e9veloppement.<\/p>\n<\/div><\/details><\/div>\n\n\n\n<div class=\"wp-block-coblocks-accordion-item\"><details><summary class=\"wp-block-coblocks-accordion-item__title\"><strong>Symposia et Ateliers<\/strong><\/summary><div class=\"wp-block-coblocks-accordion-item__content\">\n<p class=\"wp-block-paragraph\">Les membres int\u00e9ress\u00e9s \u00e0 organiser un symposium ou un atelier, en anglais ou en fran\u00e7ais, doivent soumettre une proposition conform\u00e9ment aux instructions de soumission de symposium et d&#8217;atelier sur la <a href=\"https:\/\/asac.ca\/fr\/conferences\/submission-policies-and-guidelines\/\">page des directives de soumission<\/a>. Les propositions peuvent \u00eatre soumises \u00e0 une seule division.<\/p>\n<\/div><\/details><\/div>\n\n\n\n<div class=\"wp-block-coblocks-accordion-item\"><details><summary class=\"wp-block-coblocks-accordion-item__title\"><strong>Devenez \u00e9valuateur<\/strong><\/summary><div class=\"wp-block-coblocks-accordion-item__content\">\n<p class=\"wp-block-paragraph\">ASAC s&#8217;appuie sur la coll\u00e9gialit\u00e9 de ses membres pour fournir des commentaires perspicaces et significatifs afin d&#8217;\u00e9lever l&#8217;exp\u00e9rience de la conf\u00e9rence pour tous. En devenant \u00e9valuateur, vous pourrez :<\/p>\n\n\n\n<ul class=\"wp-block-list\">\n<li>Jouent un r\u00f4le crucial dans la qualit\u00e9 de la recherche pr\u00e9sent\u00e9e \u00e0 l&#8217;ASAC<\/li>\n\n\n\n<li>Acqu\u00e9rir une exp\u00e9rience pr\u00e9cieuse dans l&#8217;\u00e9valuation des travaux \u00e9mergents de votre domaine<\/li>\n\n\n\n<li>Approfondir son expertise<\/li>\n\n\n\n<li>\u00c9largir son r\u00e9seau professionnel<\/li>\n\n\n\n<li>Contribuer \u00e0 la communaut\u00e9 scientifique et enrichir sa discipline<\/li>\n\n\n\n<li>Perfectionner ses comp\u00e9tences d&#8217;analyse critique<\/li>\n<\/ul>\n\n\n\n<p class=\"wp-block-paragraph\">Les auteurs qui soumettent seront invit\u00e9s \u00e0 participer en tant qu&#8217;examinateurs.<\/p>\n\n\n\n<p class=\"wp-block-paragraph\"><a href=\"https:\/\/www.xcdsystem.com\/asac\/abstract\/index.cfm?ID=m5S4rHY\" target=\"_blank\" rel=\"noreferrer noopener\">Inscrivez-vous<\/a> (sur X-CD) maintenant pour exprimer votre int\u00e9r\u00eat.<\/p>\n<\/div><\/details><\/div>\n<\/div>\n\n\n\n<div style=\"height:45px\" aria-hidden=\"true\" class=\"wp-block-spacer\"><\/div>\n\n\n\n<div class=\"wp-block-buttons has-custom-font-size is-content-justification-center is-layout-flex wp-container-core-buttons-is-layout-fe48e5de wp-block-buttons-is-layout-flex\" style=\"font-size:0px\">\n<div class=\"wp-block-button has-custom-width wp-block-button__width-50 is-style-circular\"><a class=\"wp-block-button__link has-background has-text-align-center has-custom-font-size wp-element-button\" href=\"https:\/\/www.xcdsystem.com\/asac\/abstract\/index.cfm?ID=m5S4rHY\" style=\"border-radius:0px;background-color:#000000;font-size:28px\" target=\"_blank\" rel=\"noreferrer noopener\">SOUMETTRE ICI<\/a><\/div>\n<\/div>\n\n\n\n<div style=\"height:45px\" aria-hidden=\"true\" class=\"wp-block-spacer\"><\/div>\n\n\n\n<p class=\"has-small-font-size wp-block-paragraph\"><em>Notre site de soumission est aliment\u00e9 par X-CD. Vous aurez besoin d&#8217;un compte X-CD pour soumettre votre candidature (qui est distinct de votre compte de membre de l&#8217;ASAC). <\/em><\/p>\n\n\n\n<div style=\"height:45px\" aria-hidden=\"true\" class=\"wp-block-spacer\"><\/div>","protected":false},"excerpt":{"rendered":"<p>22 au 25 mai 2026 | Calgary, AlbertaLa Bissett School of Business de l\u2019Universit\u00e9 Mount Royal du 22 au 25 mai. Colloque autochtone : 21 maiColloque doctoral et march\u00e9 de [&hellip;]<\/p>\n","protected":false},"author":88652768,"featured_media":0,"parent":0,"menu_order":0,"comment_status":"closed","ping_status":"closed","template":"","meta":{"_bbp_topic_count":0,"_bbp_reply_count":0,"_bbp_total_topic_count":0,"_bbp_total_reply_count":0,"_bbp_voice_count":0,"_bbp_anonymous_reply_count":0,"_bbp_topic_count_hidden":0,"_bbp_reply_count_hidden":0,"_bbp_forum_subforum_count":0,"_coblocks_attr":"","_coblocks_dimensions":"","_coblocks_responsive_height":"","_coblocks_accordion_ie_support":"","_crdt_document":"","_genesis_hide_title":false,"_genesis_hide_breadcrumbs":false,"_genesis_hide_singular_image":false,"_genesis_hide_footer_widgets":false,"_genesis_custom_body_class":"","_genesis_custom_post_class":"","_genesis_layout":"","footnotes":""},"class_list":["post-12364","page","type-page","status-publish","entry"],"jetpack_likes_enabled":false,"jetpack_sharing_enabled":true,"jetpack_shortlink":"https:\/\/wp.me\/P6jvYC-3dq","jetpack-related-posts":[{"id":5642,"url":"https:\/\/asac.ca\/fr\/membership\/asacawards\/asac-cjas-phd-research-grant\/","url_meta":{"origin":12364,"position":0},"title":"Prix de recherche de doctorat ASAC-CJAS","author":"asaccanada","date":"f\u00e9vrier 24, 2021","format":false,"excerpt":"Lignes directrices g\u00e9n\u00e9rales Objectifs Le prix de recherche au doctorat ASAC-CJAS soutient les doctorants canadiens pendant leur recherche doctorale. En plus du prix de 2500 $, l\u2019\u00e9tudiant re\u00e7oit \u00e9galement un abonnement gratuit de l\u2019ASAC pour l\u2019ann\u00e9e suivante. Il est d\u00e9cern\u00e9 tous les deux ans. Admissibilit\u00e9 Pour \u00eatre admissible au prix,\u2026","rel":"","context":"Article similaire","block_context":{"text":"Article similaire","link":""},"img":{"alt_text":"","src":"","width":0,"height":0},"classes":[]},{"id":10196,"url":"https:\/\/asac.ca\/fr\/consortium-doctoral-asac-2024\/","url_meta":{"origin":12364,"position":1},"title":"Consortium doctoral ASAC 2025","author":"asaccanada","date":"f\u00e9vrier 1, 2024","format":false,"excerpt":"Les doctorantes et les doctorants de partout au Canada sont invit\u00e9s \u00e0 participer au Consortium doctoral de la conf\u00e9rence ASAC 2025. Adapt\u00e9 \u00e0 la r\u00e9alit\u00e9 et aux d\u00e9fis des \u00e9tudiants de doctorat (PhD et DBA) dans le domaine de la gestion, le consortium met l\u2019accent sur le d\u00e9veloppement des comp\u00e9tences\u2026","rel":"","context":"Article similaire","block_context":{"text":"Article similaire","link":""},"img":{"alt_text":"","src":"https:\/\/i0.wp.com\/asac.ca\/wp-content\/uploads\/2025\/03\/Waterloo_Conrad_Logo_rgb-1.jpg?resize=350%2C200&ssl=1","width":350,"height":200,"srcset":"https:\/\/i0.wp.com\/asac.ca\/wp-content\/uploads\/2025\/03\/Waterloo_Conrad_Logo_rgb-1.jpg?resize=350%2C200&ssl=1 1x, https:\/\/i0.wp.com\/asac.ca\/wp-content\/uploads\/2025\/03\/Waterloo_Conrad_Logo_rgb-1.jpg?resize=525%2C300&ssl=1 1.5x, https:\/\/i0.wp.com\/asac.ca\/wp-content\/uploads\/2025\/03\/Waterloo_Conrad_Logo_rgb-1.jpg?resize=700%2C400&ssl=1 2x, https:\/\/i0.wp.com\/asac.ca\/wp-content\/uploads\/2025\/03\/Waterloo_Conrad_Logo_rgb-1.jpg?resize=1050%2C600&ssl=1 3x, https:\/\/i0.wp.com\/asac.ca\/wp-content\/uploads\/2025\/03\/Waterloo_Conrad_Logo_rgb-1.jpg?resize=1400%2C800&ssl=1 4x"},"classes":[]},{"id":12355,"url":"https:\/\/asac.ca\/fr\/conference-fr\/","url_meta":{"origin":12364,"position":2},"title":"Conf\u00e9rence ASAC","author":"asaccanada","date":"octobre 19, 2024","format":false,"excerpt":"La conf\u00e9rence annuelle de l'ASAC est le principal \u00e9v\u00e9nement permettant aux universitaires en commerce au Canada de se connecter, de partager des id\u00e9es et de faire progresser leurs domaines. R\u00e9unissant des participants de partout au Canada et d\u2019ailleurs, la conf\u00e9rence favorise la collaboration et l\u2019innovation dans la recherche et l\u2019\u00e9ducation\u2026","rel":"","context":"Article similaire","block_context":{"text":"Article similaire","link":""},"img":{"alt_text":"","src":"https:\/\/i0.wp.com\/asac.ca\/wp-content\/uploads\/2026\/01\/ASAC_logo_4.2_rework.png?resize=350%2C200&ssl=1","width":350,"height":200,"srcset":"https:\/\/i0.wp.com\/asac.ca\/wp-content\/uploads\/2026\/01\/ASAC_logo_4.2_rework.png?resize=350%2C200&ssl=1 1x, https:\/\/i0.wp.com\/asac.ca\/wp-content\/uploads\/2026\/01\/ASAC_logo_4.2_rework.png?resize=525%2C300&ssl=1 1.5x, https:\/\/i0.wp.com\/asac.ca\/wp-content\/uploads\/2026\/01\/ASAC_logo_4.2_rework.png?resize=700%2C400&ssl=1 2x, https:\/\/i0.wp.com\/asac.ca\/wp-content\/uploads\/2026\/01\/ASAC_logo_4.2_rework.png?resize=1050%2C600&ssl=1 3x, https:\/\/i0.wp.com\/asac.ca\/wp-content\/uploads\/2026\/01\/ASAC_logo_4.2_rework.png?resize=1400%2C800&ssl=1 4x"},"classes":[]},{"id":1426,"url":"https:\/\/asac.ca\/fr\/governance\/nominationselections\/","url_meta":{"origin":12364,"position":3},"title":"Nominations et \u00e9lections","author":"asaccanada","date":"janvier 11, 2020","format":false,"excerpt":"\u00c9lection des membres du conseil d'administration Avant le 1er\u00a0f\u00e9vrier de l'ann\u00e9e \u00e9lectorale, le comit\u00e9 des candidatures, compos\u00e9 du pr\u00e9sident et de l'ancien pr\u00e9sident, envoie \u00e0 tous les membres des appels \u00e0 candidatures pour tous les postes \u00e0 pourvoir, incluant : les vice-pr\u00e9sidents, le secr\u00e9taire et responsable de l'information, le tr\u00e9sorier\u2026","rel":"","context":"Article similaire","block_context":{"text":"Article similaire","link":""},"img":{"alt_text":"","src":"","width":0,"height":0},"classes":[]},{"id":2036,"url":"https:\/\/asac.ca\/fr\/rejoindre\/","url_meta":{"origin":12364,"position":4},"title":"Rejoindre l&#8217;ASAC","author":"asaccanada","date":"f\u00e9vrier 7, 2020","format":false,"excerpt":"En adh\u00e9rant \u00e0 l'Association canadienne des sciences administratives (ASAC), vous aurez acc\u00e8s \u00e0 un r\u00e9seau d'universitaires en commerce \u00e0 l'\u00e9chelle du Canada et au-del\u00e0 dans une vari\u00e9t\u00e9 de disciplines commerciales et de gestion. Notre communaut\u00e9 est compos\u00e9e d'un large \u00e9ventail de divisions qui offrent aux membres de l'ASAC un lien\u2026","rel":"","context":"Article similaire","block_context":{"text":"Article similaire","link":""},"img":{"alt_text":"","src":"","width":0,"height":0},"classes":[]},{"id":7822,"url":"https:\/\/asac.ca\/fr\/inscription-2023\/","url_meta":{"origin":12364,"position":5},"title":"Inscription 2023 (\u00e0 venir!)","author":"asaccanada","date":"janvier 22, 2023","format":false,"excerpt":"Veuillez noter que seuls les membres en r\u00e8gle de l'ASAC pourront s'inscrire \u00e0 la conf\u00e9rence. Renouvelez votre adh\u00e9sion ici. \u00a0 Horaire de la conf\u00e9rence Ce qui suit est un aper\u00e7u du calendrier des conf\u00e9rences pour l'ASAC 2023. Ce calendrier est sujet \u00e0 changements. Nous publierons plus d'informations d\u00e8s qu'elles seront\u2026","rel":"","context":"Article similaire","block_context":{"text":"Article similaire","link":""},"img":{"alt_text":"","src":"","width":0,"height":0},"classes":[]}],"amp_enabled":true,"_links":{"self":[{"href":"https:\/\/asac.ca\/fr\/wp-json\/wp\/v2\/pages\/12364","targetHints":{"allow":["GET"]}}],"collection":[{"href":"https:\/\/asac.ca\/fr\/wp-json\/wp\/v2\/pages"}],"about":[{"href":"https:\/\/asac.ca\/fr\/wp-json\/wp\/v2\/types\/page"}],"author":[{"embeddable":true,"href":"https:\/\/asac.ca\/fr\/wp-json\/wp\/v2\/users\/88652768"}],"replies":[{"embeddable":true,"href":"https:\/\/asac.ca\/fr\/wp-json\/wp\/v2\/comments?post=12364"}],"version-history":[{"count":53,"href":"https:\/\/asac.ca\/fr\/wp-json\/wp\/v2\/pages\/12364\/revisions"}],"predecessor-version":[{"id":21551,"href":"https:\/\/asac.ca\/fr\/wp-json\/wp\/v2\/pages\/12364\/revisions\/21551"}],"wp:attachment":[{"href":"https:\/\/asac.ca\/fr\/wp-json\/wp\/v2\/media?parent=12364"}],"curies":[{"name":"wp","href":"https:\/\/api.w.org\/{rel}","templated":true}]}}