{"id":1414,"date":"2020-01-11T02:12:31","date_gmt":"2020-01-11T07:12:31","guid":{"rendered":"https:\/\/asac.ca\/divisions\/asacdivisiondescription\/"},"modified":"2023-11-23T16:16:01","modified_gmt":"2023-11-23T21:16:01","slug":"asacdivisiondescription","status":"publish","type":"page","link":"https:\/\/asac.ca\/fr\/divisions\/asacdivisiondescription\/","title":{"rendered":"Description des divisions de l&#8217;ASAC"},"content":{"rendered":"<p class=\"wp-block-paragraph\">La division&nbsp;<strong>Affaires internationales<\/strong>&nbsp;transcende les fronti\u00e8res de plusieurs disciplines universitaires et de fonctions de gestion afin d&#8217;am\u00e9liorer l&#8217;\u00e9ducation et la pratique en affaires internationales. Les principaux objectifs de la division sont : 1) faciliter les \u00e9changes d&#8217;informations et d&#8217;id\u00e9es entre les universitaires, les gens d&#8217;affaires et les membres du gouvernement int\u00e9ress\u00e9s par l&#8217;\u00e9ducation en affaires internationales; 2) encourager et promouvoir les activit\u00e9s de recherche qui permettent de faire avancer les connaissances en affaires internationales et accro\u00eetre la disponibilit\u00e9 du mat\u00e9riel d&#8217;enseignement; et 3) coop\u00e9rer, dans la mesure du possible, avec le gouvernement, le milieu des affaires et les institutions universitaires.<\/p>\n\n\n\n<\/p>\r\n<p class=\"wp-block-paragraph\">Le domaine du\u00a0<strong>Comportement organisationnel<\/strong>\u00a0vise \u00e0 expliquer, \u00e0 pr\u00e9dire et \u00e0 contr\u00f4ler la mani\u00e8re dont les individus, les groupes et les organisations performent, s&#8217;influencent mutuellement et s&#8217;adaptent les uns aux autres de fa\u00e7on dynamique dans le temps. Les universitaires et les praticiens du comportement organisationnel utilisent des m\u00e9thodes sophistiqu\u00e9es pour se concentrer sur les cognitions, les affects et les comportements individuels, sur les dynamiques et les processus groupaux, et sur les \u00e9tats et la structure des syst\u00e8mes, afin d&#8217;am\u00e9liorer le bien-\u00eatre des individus et l&#8217;efficacit\u00e9 des groupes et des organisations.<\/p>\n\n\n\n<p class=\"wp-block-paragraph\">La division des&nbsp;<strong>\u00c9tudes de cas<\/strong>&nbsp;offre un environnement soutenant pour les universitaires souhaitant am\u00e9liorer leurs habilet\u00e9s en recherche, en \u00e9criture et publication, et en enseignement en lien avec l&#8217;\u00e9tude de cas. Des s\u00e9ances de table ronde portant sur l&#8217;\u00e9tude de cas sont tenues le samedi du congr\u00e8s annuel de l&#8217;ASAC. Les cas doivent \u00eatre orient\u00e9s vers la prise de d\u00e9cision et ils doivent \u00eatre bas\u00e9s sur la recherche sur le terrain ou sur des sources secondaires. Un manuel du formateur d\u00e9taill\u00e9 doit accompagner tous les cas soumis.<\/p>\n\n\n\n<p class=\"wp-block-paragraph\">La division des <strong>\u00c9tudes organisationnelles<\/strong> (anciennement Th\u00e9orie organisationnelle) s\u2019int\u00e9resse \u00e0 plusieurs ph\u00e9nom\u00e8nes : pourquoi les organisations ont l\u2019aspect qu\u2019on leur conna\u00eet; comment elles subissent des transformations; comment elles interagissent avec d\u2019autres organisations et avec leur environnement de mani\u00e8re g\u00e9n\u00e9rale; comment elles fa\u00e7onnent les comportements des individus et des groupes et; comment les processus dans les organisations sont d\u00e9velopp\u00e9s et modifi\u00e9s. \u00c0 travers ces grandes cat\u00e9gories, un large \u00e9ventail de sujets sont abord\u00e9s, \u00e0 la fois \u00e0 partir des approches m\u00e9thodologiques qualitative et quantitative. La division accepte les propositions d&#8217;articles ou les travaux en cours qui explorent ces ph\u00e9nom\u00e8nes de mani\u00e8re empirique ou th\u00e9orique.<\/p>\n\n\n\n\n\n<p class=\"wp-block-paragraph\">La division de la&nbsp;<strong>Finance<\/strong>&nbsp;invite les universitaires et les praticiens \u00e0 soumettre des articles th\u00e9oriques et empiriques dans tous les domaines de la finance. Le but de cette division est de continuer \u00e0 construire une communaut\u00e9 soutenante de chercheurs qui participent activement \u00e0 un dialogue de haute qualit\u00e9 et \u00e0 des \u00e9changes d&#8217;id\u00e9es \u00e0 travers des pr\u00e9sentations de travaux de recherche, des r\u00e9visions par les pairs, des discussions et des pr\u00e9sentations par d&#8217;imminents orateurs.<\/p>\n\n\n\n<p class=\"wp-block-paragraph\">La mission de la division de la&nbsp;<strong>Formation en gestion<\/strong>&nbsp;est de faire avancer le d\u00e9veloppement de la th\u00e9orie et de la recherche en mati\u00e8re d&#8217;enseignement de la gestion. La recherche sur la formation inclut, entre autres, la recherche sur les m\u00e9thodes d&#8217;enseignement efficaces et innovatrices et sur les approches de formation en gestion; l&#8217;utilisation de la technologie; les applications des th\u00e9ories d&#8217;apprentissage; les pratiques d&#8217;enseignement \u00e9thiques et; la formation continue. Cette division promeut l&#8217;entraide au sein d&#8217;une collectivit\u00e9 inform\u00e9e d&#8217;universitaires et de professeurs.<\/p>\n\n\n\n<p class=\"wp-block-paragraph\">La division&nbsp;<strong>Genre et diversit\u00e9 dans les organisations<\/strong>&nbsp;g\u00e9n\u00e8re, diffuse et met de l&#8217;avant la recherche et les connaissances reli\u00e9es au genre et \u00e0 tous les aspects de la diversit\u00e9 dans les organisations et dans le contexte soci\u00e9tal plus large. Le but de la division est d&#8217;avoir un point de vue plus inclusif de la formation et de la recherche organisationnelle et d&#8217;inclure les perspectives et exp\u00e9riences de membres de diff\u00e9rents groupes sociaux, incluant, entre autres, ceux qui ont traditionnellement \u00e9t\u00e9 marginalis\u00e9s \u00e0 cause de leur genre, de leur race, de leur ethnie, de leur classe sociale, de leur orientation sexuelle, de leur identit\u00e9 de genre, de leur nationalit\u00e9, de leur religion, de leur culture, de leur (in)capacit\u00e9 et de leur \u00e2ge. Les membres de cette division r\u00e9alisent leurs recherches tant dans des contextes canadiens que dans des contextes internationaux.<\/p>\n\n\n\n<p class=\"wp-block-paragraph\">La division de la&nbsp;<strong>Gestion de l&#8217;innovation et de la technologie<\/strong>&nbsp;encourage une approche multidisciplinaire pour la gestion des progr\u00e8s technologiques et des innovations, \u00e0 des niveaux vari\u00e9s incluant la technologie, l&#8217;individu, le groupe, l&#8217;organisation, la communaut\u00e9, la nation et les niveaux globaux. La division de la Gestion de l&#8217;innovation et de la technologie promeut \u00e0 la fois les initiatives de recherche conceptuelle et empirique.<\/p>\n\n\n\n<p class=\"wp-block-paragraph\">La division de la&nbsp;<strong>Gestion des op\u00e9rations et de la production<\/strong>&nbsp;couvre tous les sujets li\u00e9s \u00e0 la conception de produits et de processus; \u00e0 la gestion de la chaine d&#8217;approvisionnement et des op\u00e9rations de fabrication et de prestation de service, incluant la qualit\u00e9, les pr\u00e9visions, l&#8217;inventaire, la planification et la programmation; \u00e0 la productivit\u00e9 et \u00e0 la performance et; \u00e0 la gestion de projets.<\/p>\n\n\n\n<p class=\"wp-block-paragraph\">La division de la&nbsp;<strong>Gestion des soins de sant\u00e9<\/strong>&nbsp;explore de multiples aspects du secteur des soins de sant\u00e9. Les domaines et sujets incluent, entre autres, l&#8217;organisation et la gestion des \u00e9tablissements de soins de sant\u00e9; les politiques publiques et les pr\u00e9occupations pour la qualit\u00e9, ainsi que leurs implications pour les gestionnaires, le personnel et les clients\/patients; le marketing et le financement des soins de sant\u00e9; la comparaison des soins de sant\u00e9 \u00e0 travers les contextes internationaux; l&#8217;application empirique ou conceptuelle de la th\u00e9orie dans les \u00e9tablissements de soins de sant\u00e9 et; le d\u00e9veloppement conceptuel de th\u00e9ories \u00e0 partir d&#8217;\u00e9tudes r\u00e9alis\u00e9es dans le milieu de la sant\u00e9; m\u00eame des sujets qui peuvent toucher \u00e0 un domaine d&#8217;une autre division.<\/p>\n\n\n\n<p class=\"wp-block-paragraph\">La recherche dans la division de la&nbsp;<strong>Gestion du tourisme et du sport<\/strong>&nbsp;inclut l&#8217;examen des syst\u00e8mes du sport, du tourisme, de l&#8217;hospitalit\u00e9, des loisirs et du divertissement au Canada et \u00e0 l&#8217;\u00e9tranger. La recherche repr\u00e9sent\u00e9e dans cette division examine l&#8217;impact d&#8217;\u00e9v\u00e9nements sportifs vari\u00e9s, incluant \u00e0 la fois des \u00e9v\u00e9nements locaux et des \u00e9v\u00e9nements de grandes envergures, sur l&#8217;\u00e9conomie, sur l&#8217;utilisation du sport et du tourisme \u00e0 des fins de d\u00e9veloppement, sur les affaires du sport et du tourisme, sur le marketing du sport et du tourisme, ainsi que l&#8217;impact d&#8217;autres domaines li\u00e9s \u00e0 l&#8217;activit\u00e9 physique et au divertissement sur les individus, les groupes et les communaut\u00e9s. La recherche interdisciplinaire o\u00f9 les \u00e9l\u00e9ments cl\u00e9s de la gestion du sport et de la gestion du tourisme convergent et entrainent le d\u00e9veloppement de nouveaux champs de recherche est chose commune dans cette division.<\/p>\n\n\n\n<p class=\"wp-block-paragraph\">La division de l&#8217;<strong>Histoire des affaires<\/strong>&nbsp;examine les forces historiques qui ont fa\u00e7onn\u00e9 le monde des affaires et comment ces forces influencent le pr\u00e9sent et le futur. L&#8217;histoire des affaires retrace et contextualise l&#8217;\u00e9volution des diff\u00e9rents secteurs des affaires, des entrepreneurs et des autres acteurs impliqu\u00e9s dans le changement \u00e0 travers le temps. Cette division accueille les articles portant sur tous les sujets reli\u00e9s \u00e0 l&#8217;histoire des affaires, \u00e0 l&#8217;entrepreneurialisme, \u00e0 la gestion ou \u00e0 d&#8217;autres disciplines reli\u00e9es aux affaires.<\/p>\n\n\n\n<p class=\"wp-block-paragraph\">La division du&nbsp;<strong>Marketing<\/strong>&nbsp;est compos\u00e9e d&#8217;universitaires du Canada et de partout dans le monde qui se d\u00e9vouent \u00e0 la recherche et au partage d&#8217;informations en lien avec tous les aspects pertinents du marketing pour les consommateurs et pour les organisations. La division invite les membres \u00e0 soumettre leurs manuscrits en vue de pr\u00e9sentation ou de publication.<\/p>\n\n\n\n<p class=\"wp-block-paragraph\">La division de la&nbsp;<strong>Responsabilit\u00e9 sociale<\/strong>&nbsp;procure une tribune pour les chercheurs et favorise les d\u00e9bats sur divers enjeux entourant le r\u00f4le et les responsabilit\u00e9s des acteurs impliqu\u00e9s, de l&#8217;environnement et de l&#8217;organisation. La division encourage la pr\u00e9sentation de contributions empiriques et th\u00e9oriques couvrant un large \u00e9ventail de th\u00e8mes tels que la responsabilit\u00e9 sociale et la performance des entreprises, le d\u00e9veloppement durable, l&#8217;\u00e9thique des affaires, l&#8217;environnement naturel, les comportements de citoyennet\u00e9 organisationnelle, les mauvais comportements organisationnels, le capital politique et social, ainsi que la responsabilit\u00e9 sociale dans un contexte international.<\/p>\n\n\n\n<p class=\"wp-block-paragraph\">La division des&nbsp;<strong>Ressources humaines<\/strong>&nbsp;focalise sur l&#8217;exploration, la discussion, le d\u00e9veloppement et l&#8217;analyse de la fa\u00e7on dont la relation gestionnaire-employ\u00e9 peut \u00eatre mieux g\u00e9r\u00e9e en tenant compte \u00e0 la fois des niveaux micro, m\u00e9so et macro. Cette division contribue \u00e0 faire \u00e9voluer le monde des ressources humaines \u00e0 travers un discours engag\u00e9 et actif sur les th\u00e9ories, les concepts, la recherche (quantitative et qualitative) et l&#8217;impact (th\u00e9orique et pragmatique) des ressources humaines sur les plans canadien et international. Les connaissances g\u00e9n\u00e9r\u00e9es \u00e0 travers l&#8217;implication dans la division des Ressources humaines sont tr\u00e8s vari\u00e9es, refl\u00e9tant la diversit\u00e9 des acteurs concern\u00e9s par les relations d&#8217;emploi (professionnels en ressources humaines, gestionnaires, employ\u00e9s, syndicats, gouvernement, actionnaires, environnement, etc.).<\/p>\n\n\n\n<p class=\"wp-block-paragraph\">La division des&nbsp;<strong>Sciences de la gestion<\/strong>&nbsp;promeut la recherche et la diffusion du savoir concernant la recherche op\u00e9rationnelle et les techniques quantitatives. La division encourage et facilite la recherche \u00e0 la fois sur les plans th\u00e9orique et pratique en lien avec la th\u00e9orie, la pratique et les applications de la recherche op\u00e9rationnelle et de la mod\u00e9lisation math\u00e9matique. Dans le cadre de l&#8217;ASAC, la division suit la charte de l&#8217;Association, participe \u00e0 son congr\u00e8s annuel et publie dans ses actes de congr\u00e8s. La division tient \u00e9galement des \u00e9v\u00e9nements sp\u00e9ciaux et offre des conf\u00e9rences lors du congr\u00e8s annuel.<\/p>\n\n\n\n<p class=\"wp-block-paragraph\">La division de la&nbsp;<strong>Strat\u00e9gie<\/strong>&nbsp;focalise sur les r\u00f4les et les probl\u00e8mes des hauts-dirigeants et de ceux qui g\u00e8rent des entreprises multi-activit\u00e9s ou des unit\u00e9s d&#8217;affaires multifonctionnelles. Les principaux sujets incluent la formulation et la r\u00e9alisation de strat\u00e9gies; la planification strat\u00e9gique et les processus d\u00e9cisionnels; le contr\u00f4le strat\u00e9gique et les syst\u00e8mes de r\u00e9compenses; l&#8217;attribution des ressources; les strat\u00e9gies de portefeuille et de diversification; la strat\u00e9gie concurrentielle; les strat\u00e9gies coop\u00e9ratives, la s\u00e9lection et le comportement des hauts-dirigeants et; la composition et les processus des \u00e9quipes de la haute direction.<\/p>\n\n\n\n<p class=\"wp-block-paragraph\">La division des&nbsp;<strong>Syst\u00e8mes d&#8217;information<\/strong>&nbsp;concerne les technologies, ench\u00e2ss\u00e9es dans des syst\u00e8mes organisationnels et sociaux, qui soutiennent la gestion de l&#8217;information. En tant que champ d&#8217;\u00e9tude, les syst\u00e8mes d&#8217;information s&#8217;int\u00e9ressent aux th\u00e9ories et aux pratiques reli\u00e9es aux ph\u00e9nom\u00e8nes individuels, sociaux et technologiques, lesquels sous-tendent le d\u00e9veloppement, l&#8217;utilisation et les effets de l&#8217;information dans un contexte organisationnel.<\/p>","protected":false},"excerpt":{"rendered":"<p>La division&nbsp;Affaires internationales&nbsp;transcende les fronti\u00e8res de plusieurs disciplines universitaires et de fonctions de gestion afin d&#8217;am\u00e9liorer l&#8217;\u00e9ducation et la pratique en affaires internationales. Les principaux objectifs de la division sont [&hellip;]<\/p>\n","protected":false},"author":88652768,"featured_media":0,"parent":1412,"menu_order":0,"comment_status":"closed","ping_status":"closed","template":"","meta":{"_bbp_topic_count":0,"_bbp_reply_count":0,"_bbp_total_topic_count":0,"_bbp_total_reply_count":0,"_bbp_voice_count":0,"_bbp_anonymous_reply_count":0,"_bbp_topic_count_hidden":0,"_bbp_reply_count_hidden":0,"_bbp_forum_subforum_count":0,"_coblocks_attr":"","_coblocks_dimensions":"","_coblocks_responsive_height":"","_coblocks_accordion_ie_support":"","_crdt_document":"","_genesis_hide_title":false,"_genesis_hide_breadcrumbs":false,"_genesis_hide_singular_image":false,"_genesis_hide_footer_widgets":false,"_genesis_custom_body_class":"","_genesis_custom_post_class":"","_genesis_layout":"","footnotes":""},"class_list":["post-1414","page","type-page","status-publish","entry"],"jetpack_likes_enabled":false,"jetpack_sharing_enabled":true,"jetpack_shortlink":"https:\/\/wp.me\/P6jvYC-mO","jetpack-related-posts":[{"id":1280,"url":"https:\/\/asac.ca\/divisions-2\/","url_meta":{"origin":1414,"position":0},"title":"Divisions","author":"asaccanada","date":"janvier 11, 2020","format":false,"excerpt":"Get involved with ASAC by reaching out to the division the division aligned with your area of expertise or study. You can become a member of as many diviisons as you would like! Find divisional officer contact information, descriptions of each division below. \/\/ Impliquez-vous aupr\u00e8s de l'ASAC en contactant\u2026","rel":"","context":"Article similaire","block_context":{"text":"Article similaire","link":""},"img":{"alt_text":"","src":"","width":0,"height":0},"classes":[]},{"id":1434,"url":"https:\/\/asac.ca\/fr\/","url_meta":{"origin":1414,"position":1},"title":"ASAC 2026 | Pens\u00e9e sans\u2026","author":"asaccanada","date":"octobre 18, 2024","format":false,"excerpt":"ASAC 2026 | Pens\u00e9e sans limites! Rejoignez-nous \u00e0 Calgary, Alberta, pour l'ASAC 2026, organis\u00e9 par la Bissett School of Business de l\u2019Universit\u00e9 Mount Royal du 22 au 25 mai. Colloque autochtone : 21 maiColloque doctoral et march\u00e9 de l\u2019emploi : 22 mai. INscrivez-vous Programme de la conf\u00e9rence commanditaires Ici, les\u2026","rel":"","context":"Article similaire","block_context":{"text":"Article similaire","link":""},"img":{"alt_text":"","src":"https:\/\/i0.wp.com\/asac.ca\/wp-content\/uploads\/2025\/11\/ASAC_logo_4.2_rework_final_Logo-4.2-C-.webp?resize=350%2C200&ssl=1","width":350,"height":200,"srcset":"https:\/\/i0.wp.com\/asac.ca\/wp-content\/uploads\/2025\/11\/ASAC_logo_4.2_rework_final_Logo-4.2-C-.webp?resize=350%2C200&ssl=1 1x, https:\/\/i0.wp.com\/asac.ca\/wp-content\/uploads\/2025\/11\/ASAC_logo_4.2_rework_final_Logo-4.2-C-.webp?resize=525%2C300&ssl=1 1.5x, https:\/\/i0.wp.com\/asac.ca\/wp-content\/uploads\/2025\/11\/ASAC_logo_4.2_rework_final_Logo-4.2-C-.webp?resize=700%2C400&ssl=1 2x, https:\/\/i0.wp.com\/asac.ca\/wp-content\/uploads\/2025\/11\/ASAC_logo_4.2_rework_final_Logo-4.2-C-.webp?resize=1050%2C600&ssl=1 3x, https:\/\/i0.wp.com\/asac.ca\/wp-content\/uploads\/2025\/11\/ASAC_logo_4.2_rework_final_Logo-4.2-C-.webp?resize=1400%2C800&ssl=1 4x"},"classes":[]},{"id":1444,"url":"https:\/\/asac.ca\/fr\/membership\/asacfellows\/","url_meta":{"origin":1414,"position":2},"title":"Fellows de l&#8217;ASAC","author":"asaccanada","date":"janvier 11, 2020","format":false,"excerpt":"Le programme des Fellows de l\u2019ASAC est une initiative prestigieuse qui reconna\u00eet et mobilise des chercheurs canadiens \u00e9minents ayant d\u00e9montr\u00e9 l\u2019excellence en recherche et un engagement envers l\u2019avancement de la communaut\u00e9 universitaire. La nomination \u00e0 titre de Fellow de l\u2019ASAC souligne des contributions remarquables \u00e0 la recherche ainsi qu\u2019un engagement\u2026","rel":"","context":"Article similaire","block_context":{"text":"Article similaire","link":""},"img":{"alt_text":"","src":"","width":0,"height":0},"classes":[]},{"id":1391,"url":"https:\/\/asac.ca\/fr\/aboutus\/","url_meta":{"origin":1414,"position":3},"title":"\u00c0 propos d&#8217;ASAC","author":"asaccanada","date":"janvier 11, 2020","format":false,"excerpt":"L'Association des sciences administratives du Canada (ASAC) est un organisme professionnel qui regroupe tous ceux qui s'int\u00e9ressent \u00e0 la recherche, \u00e0 l'enseignement et \u00e0 la pratique en gestion. Fond\u00e9e \u00e0 l'origine en 1957, l'Association des \u00e9coles de commerce et d'administration des affaires du Canada avait pour mission de promouvoir et\u2026","rel":"","context":"Article similaire","block_context":{"text":"Article similaire","link":""},"img":{"alt_text":"","src":"","width":0,"height":0},"classes":[]},{"id":2036,"url":"https:\/\/asac.ca\/fr\/rejoindre\/","url_meta":{"origin":1414,"position":4},"title":"Rejoindre l&#8217;ASAC","author":"asaccanada","date":"f\u00e9vrier 7, 2020","format":false,"excerpt":"En adh\u00e9rant \u00e0 l'Association canadienne des sciences administratives (ASAC), vous aurez acc\u00e8s \u00e0 un r\u00e9seau d'universitaires en commerce \u00e0 l'\u00e9chelle du Canada et au-del\u00e0 dans une vari\u00e9t\u00e9 de disciplines commerciales et de gestion. Notre communaut\u00e9 est compos\u00e9e d'un large \u00e9ventail de divisions qui offrent aux membres de l'ASAC un lien\u2026","rel":"","context":"Article similaire","block_context":{"text":"Article similaire","link":""},"img":{"alt_text":"","src":"","width":0,"height":0},"classes":[]},{"id":7472,"url":"https:\/\/asac.ca\/fr\/appelacommunications\/","url_meta":{"origin":1414,"position":5},"title":"Appel a\u0300 communications ASAC 2023","author":"asaccanada","date":"novembre 27, 2022","format":false,"excerpt":"L\u2019Association des sciences administratives du Canada (ASAC) vous invite \u00e0 soumettre une proposition d\u2019article, de travail en cours, de cas, de symposium ou d\u2019atelier \u00e0 la conf\u00e9rence annuelle organis\u00e9e par la Ted Rogers School of Management de la Toronto Metropolitan University, du 3 au 6 juin 2023. Pouvons-nous trouver notre\u2026","rel":"","context":"Article similaire","block_context":{"text":"Article similaire","link":""},"img":{"alt_text":"","src":"https:\/\/i0.wp.com\/asac.ca\/wp-content\/uploads\/2022\/12\/ASAC-2023-CFP-webbanner-FR.jpg?resize=350%2C200&ssl=1","width":350,"height":200,"srcset":"https:\/\/i0.wp.com\/asac.ca\/wp-content\/uploads\/2022\/12\/ASAC-2023-CFP-webbanner-FR.jpg?resize=350%2C200&ssl=1 1x, https:\/\/i0.wp.com\/asac.ca\/wp-content\/uploads\/2022\/12\/ASAC-2023-CFP-webbanner-FR.jpg?resize=525%2C300&ssl=1 1.5x, https:\/\/i0.wp.com\/asac.ca\/wp-content\/uploads\/2022\/12\/ASAC-2023-CFP-webbanner-FR.jpg?resize=700%2C400&ssl=1 2x, https:\/\/i0.wp.com\/asac.ca\/wp-content\/uploads\/2022\/12\/ASAC-2023-CFP-webbanner-FR.jpg?resize=1050%2C600&ssl=1 3x, https:\/\/i0.wp.com\/asac.ca\/wp-content\/uploads\/2022\/12\/ASAC-2023-CFP-webbanner-FR.jpg?resize=1400%2C800&ssl=1 4x"},"classes":[]}],"amp_enabled":true,"_links":{"self":[{"href":"https:\/\/asac.ca\/fr\/wp-json\/wp\/v2\/pages\/1414","targetHints":{"allow":["GET"]}}],"collection":[{"href":"https:\/\/asac.ca\/fr\/wp-json\/wp\/v2\/pages"}],"about":[{"href":"https:\/\/asac.ca\/fr\/wp-json\/wp\/v2\/types\/page"}],"author":[{"embeddable":true,"href":"https:\/\/asac.ca\/fr\/wp-json\/wp\/v2\/users\/88652768"}],"replies":[{"embeddable":true,"href":"https:\/\/asac.ca\/fr\/wp-json\/wp\/v2\/comments?post=1414"}],"version-history":[{"count":10,"href":"https:\/\/asac.ca\/fr\/wp-json\/wp\/v2\/pages\/1414\/revisions"}],"predecessor-version":[{"id":9836,"href":"https:\/\/asac.ca\/fr\/wp-json\/wp\/v2\/pages\/1414\/revisions\/9836"}],"up":[{"embeddable":true,"href":"https:\/\/asac.ca\/fr\/wp-json\/wp\/v2\/pages\/1412"}],"wp:attachment":[{"href":"https:\/\/asac.ca\/fr\/wp-json\/wp\/v2\/media?parent=1414"}],"curies":[{"name":"wp","href":"https:\/\/api.w.org\/{rel}","templated":true}]}}