{"id":1421,"date":"2020-01-11T02:13:10","date_gmt":"2020-01-11T07:13:10","guid":{"rendered":"https:\/\/asac.ca\/governance\/"},"modified":"2026-08-25T00:25:00","modified_gmt":"2026-08-25T04:25:00","slug":"governance","status":"publish","type":"page","link":"https:\/\/asac.ca\/fr\/governance\/","title":{"rendered":"Governance"},"content":{"rendered":"\n<h3 class=\"wp-block-heading\">Conseil d&#8217;administration<\/h3>\n\n\n\n<div class=\"wp-block-media-text is-stacked-on-mobile is-vertically-aligned-top coblocks-animate\" style=\"grid-template-columns:29% auto\" data-coblocks-animation=\"slideInBottom\"><figure class=\"wp-block-media-text__media\"><a href=\"https:\/\/asac.ca\/wp-content\/uploads\/2024\/10\/Bahman.png\"><img decoding=\"async\" width=\"200\" height=\"200\" data-attachment-id=\"11991\" data-permalink=\"https:\/\/asac.ca\/fr\/aboutus\/bahman-2\/\" data-orig-file=\"https:\/\/asac.ca\/wp-content\/uploads\/2024\/10\/Bahman.png\" data-orig-size=\"200,200\" data-comments-opened=\"0\" data-image-meta=\"{&quot;aperture&quot;:&quot;0&quot;,&quot;credit&quot;:&quot;&quot;,&quot;camera&quot;:&quot;&quot;,&quot;caption&quot;:&quot;&quot;,&quot;created_timestamp&quot;:&quot;0&quot;,&quot;copyright&quot;:&quot;&quot;,&quot;focal_length&quot;:&quot;0&quot;,&quot;iso&quot;:&quot;0&quot;,&quot;shutter_speed&quot;:&quot;0&quot;,&quot;title&quot;:&quot;&quot;,&quot;orientation&quot;:&quot;0&quot;}\" data-image-title=\"Bahman\" data-image-description=\"\" data-image-caption=\"\" data-large-file=\"https:\/\/asac.ca\/wp-content\/uploads\/2024\/10\/Bahman.png\" src=\"https:\/\/asac.ca\/wp-content\/uploads\/2024\/10\/Bahman.png\" alt=\"\" class=\"wp-image-11991 size-full\" srcset=\"https:\/\/asac.ca\/wp-content\/uploads\/2024\/10\/Bahman.png 200w, https:\/\/asac.ca\/wp-content\/uploads\/2024\/10\/Bahman-150x150.png?crop=1 150w, https:\/\/asac.ca\/wp-content\/uploads\/2024\/10\/Bahman-75x75.png?crop=1 75w\" sizes=\"(max-width: 200px) 100vw, 200px\" \/><\/a><\/figure><div class=\"wp-block-media-text__content\">\n<p class=\"wp-block-paragraph\"><strong>Pr\u00e9sident de l&#8217;ASAC<\/strong><\/p>\n\n\n\n<p class=\"wp-block-paragraph\"><a href=\"https:\/\/www.mtroyal.ca\/ProgramsCourses\/FacultiesSchoolsCentres\/Business\/FacultyStaff\/Amir-Bahman-Radnejad.htm\" data-type=\"link\" data-id=\"https:\/\/www.mtroyal.ca\/ProgramsCourses\/FacultiesSchoolsCentres\/Business\/FacultyStaff\/Amir-Bahman-Radnejad.htm\">Amir Bahman Radnejad<br><\/a>Mount Royal University<\/p>\n<\/div><\/div>\n\n\n\n<div style=\"height:25px\" aria-hidden=\"true\" class=\"wp-block-spacer\"><\/div>\n\n\n\n<div class=\"wp-block-media-text is-stacked-on-mobile is-vertically-aligned-top coblocks-animate\" style=\"grid-template-columns:30% auto\" data-coblocks-animation=\"slideInBottom\"><figure class=\"wp-block-media-text__media\"><a href=\"https:\/\/asac.ca\/wp-content\/uploads\/2026\/06\/user-icon-on-transparent-background-free-png.webp\"><img fetchpriority=\"high\" decoding=\"async\" width=\"578\" height=\"350\" data-attachment-id=\"22328\" data-permalink=\"https:\/\/asac.ca\/fr\/user-icon-on-transparent-background-free-png-2\/\" data-orig-file=\"https:\/\/asac.ca\/wp-content\/uploads\/2026\/06\/user-icon-on-transparent-background-free-png.webp\" data-orig-size=\"578,350\" data-comments-opened=\"0\" data-image-meta=\"{&quot;aperture&quot;:&quot;0&quot;,&quot;credit&quot;:&quot;&quot;,&quot;camera&quot;:&quot;&quot;,&quot;caption&quot;:&quot;&quot;,&quot;created_timestamp&quot;:&quot;0&quot;,&quot;copyright&quot;:&quot;&quot;,&quot;focal_length&quot;:&quot;0&quot;,&quot;iso&quot;:&quot;0&quot;,&quot;shutter_speed&quot;:&quot;0&quot;,&quot;title&quot;:&quot;&quot;,&quot;orientation&quot;:&quot;0&quot;,&quot;alt&quot;:&quot;&quot;}\" data-image-title=\"user-icon-on-transparent-background-free-png\" data-image-description=\"\" data-image-caption=\"\" data-large-file=\"https:\/\/asac.ca\/wp-content\/uploads\/2026\/06\/user-icon-on-transparent-background-free-png.webp\" src=\"https:\/\/asac.ca\/wp-content\/uploads\/2026\/06\/user-icon-on-transparent-background-free-png.webp\" alt=\"\" class=\"wp-image-22328 size-full\" srcset=\"https:\/\/asac.ca\/wp-content\/uploads\/2026\/06\/user-icon-on-transparent-background-free-png.webp 578w, https:\/\/asac.ca\/wp-content\/uploads\/2026\/06\/user-icon-on-transparent-background-free-png-300x182.webp 300w, https:\/\/asac.ca\/wp-content\/uploads\/2026\/06\/user-icon-on-transparent-background-free-png-18x12.webp 18w\" sizes=\"(max-width: 578px) 100vw, 578px\" \/><\/a><\/figure><div class=\"wp-block-media-text__content\">\n<p class=\"wp-block-paragraph\"><strong>Pr\u00e9sident sortant<\/strong><\/p>\n\n\n\n<p class=\"wp-block-paragraph\"><strong>Vacant<\/strong><\/p>\n\n\n\n<p class=\"wp-block-paragraph\"><em>Vacant<\/em><\/p>\n<\/div><\/div>\n\n\n\n<div style=\"height:25px\" aria-hidden=\"true\" class=\"wp-block-spacer\"><\/div>\n\n\n\n<div class=\"wp-block-media-text is-stacked-on-mobile is-vertically-aligned-top coblocks-animate\" style=\"grid-template-columns:30% auto\" data-coblocks-animation=\"slideInBottom\"><figure class=\"wp-block-media-text__media\"><img decoding=\"async\" width=\"200\" height=\"200\" src=\"https:\/\/asac.ca\/wp-content\/uploads\/2024\/10\/Rhonda.png\" alt=\"\" class=\"wp-image-11988 size-full\" srcset=\"https:\/\/asac.ca\/wp-content\/uploads\/2024\/10\/Rhonda.png 200w, https:\/\/asac.ca\/wp-content\/uploads\/2024\/10\/Rhonda-150x150.png?crop=1 150w, https:\/\/asac.ca\/wp-content\/uploads\/2024\/10\/Rhonda-75x75.png?crop=1 75w\" sizes=\"(max-width: 200px) 100vw, 200px\" \/><\/figure><div class=\"wp-block-media-text__content\">\n<p class=\"wp-block-paragraph\"><strong>Vice-pr\u00e9sidente Finances et secr\u00e9taire<\/strong><\/p>\n\n\n\n<p class=\"wp-block-paragraph\"><a href=\"https:\/\/stfxuniversity.ca\/faculty-staff\/rhonda-mciver\" data-type=\"link\" data-id=\"https:\/\/stfxuniversity.ca\/faculty-staff\/rhonda-mciver\">Rhonda McIver<br><\/a><em>St. Francis Xavier University<\/em><\/p>\n<\/div><\/div>\n\n\n\n<div style=\"height:25px\" aria-hidden=\"true\" class=\"wp-block-spacer\"><\/div>\n\n\n\n<div class=\"wp-block-media-text is-stacked-on-mobile is-vertically-aligned-top coblocks-animate\" style=\"grid-template-columns:32% auto\" data-coblocks-animation=\"slideInBottom\"><figure class=\"wp-block-media-text__media\"><a href=\"https:\/\/asac.ca\/wp-content\/uploads\/2025\/09\/6911_sam_kolahgar.webp\"><img decoding=\"async\" data-attachment-id=\"19071\" data-permalink=\"https:\/\/asac.ca\/fr\/governance\/6911_sam_kolahgar-2\/\" data-orig-file=\"https:\/\/asac.ca\/wp-content\/uploads\/2025\/09\/6911_sam_kolahgar.webp\" data-orig-size=\"150,160\" data-comments-opened=\"0\" data-image-meta=\"{&quot;aperture&quot;:&quot;0&quot;,&quot;credit&quot;:&quot;&quot;,&quot;camera&quot;:&quot;&quot;,&quot;caption&quot;:&quot;&quot;,&quot;created_timestamp&quot;:&quot;0&quot;,&quot;copyright&quot;:&quot;&quot;,&quot;focal_length&quot;:&quot;0&quot;,&quot;iso&quot;:&quot;0&quot;,&quot;shutter_speed&quot;:&quot;0&quot;,&quot;title&quot;:&quot;&quot;,&quot;orientation&quot;:&quot;0&quot;}\" data-image-title=\"6911_sam_kolahgar\" data-image-description=\"\" data-image-caption=\"\" data-large-file=\"https:\/\/asac.ca\/wp-content\/uploads\/2025\/09\/6911_sam_kolahgar.webp\" src=\"https:\/\/asac.ca\/wp-content\/uploads\/2025\/09\/6911_sam_kolahgar.webp\" alt=\"\" class=\"wp-image-19071 size-full\"\/><\/a><\/figure><div class=\"wp-block-media-text__content\">\n<p class=\"wp-block-paragraph\"><strong>Vice-pr\u00e9sident Programme<\/strong><\/p>\n\n\n\n<p class=\"wp-block-paragraph\"><a href=\"https:\/\/islandscholar.ca\/people\/skolahgar\" data-type=\"link\" data-id=\"https:\/\/islandscholar.ca\/people\/skolahgar\">Sam Kolahgar<br><\/a>University of Prince Edward Island<\/p>\n<\/div><\/div>\n\n\n\n<div style=\"height:25px\" aria-hidden=\"true\" class=\"wp-block-spacer\"><\/div>\n\n\n\n<div class=\"wp-block-media-text is-stacked-on-mobile is-vertically-aligned-top coblocks-animate\" style=\"grid-template-columns:31% auto\" data-coblocks-animation=\"slideInBottom\"><figure class=\"wp-block-media-text__media\"><a href=\"https:\/\/asac.ca\/wp-content\/uploads\/2026\/06\/villers_2022-1.avif\"><img loading=\"lazy\" decoding=\"async\" width=\"683\" height=\"1024\" data-attachment-id=\"22307\" data-permalink=\"https:\/\/asac.ca\/fr\/villers_2022-2-2\/\" data-orig-file=\"https:\/\/asac.ca\/wp-content\/uploads\/2026\/06\/villers_2022-1.avif\" data-orig-size=\"1370,2055\" data-comments-opened=\"0\" data-image-meta=\"{&quot;aperture&quot;:&quot;0&quot;,&quot;credit&quot;:&quot;&quot;,&quot;camera&quot;:&quot;&quot;,&quot;caption&quot;:&quot;&quot;,&quot;created_timestamp&quot;:&quot;0&quot;,&quot;copyright&quot;:&quot;&quot;,&quot;focal_length&quot;:&quot;0&quot;,&quot;iso&quot;:&quot;0&quot;,&quot;shutter_speed&quot;:&quot;0&quot;,&quot;title&quot;:&quot;&quot;,&quot;orientation&quot;:&quot;0&quot;,&quot;alt&quot;:&quot;&quot;}\" data-image-title=\"villers_2022\" data-image-description=\"\" data-image-caption=\"\" data-large-file=\"https:\/\/asac.ca\/wp-content\/uploads\/2026\/06\/villers_2022-1-683x1024.avif\" src=\"https:\/\/asac.ca\/wp-content\/uploads\/2026\/06\/villers_2022-1-683x1024.avif\" alt=\"\" class=\"wp-image-22307 size-full\" srcset=\"https:\/\/asac.ca\/wp-content\/uploads\/2026\/06\/villers_2022-1-683x1024.avif 683w, https:\/\/asac.ca\/wp-content\/uploads\/2026\/06\/villers_2022-1-200x300.avif 200w, https:\/\/asac.ca\/wp-content\/uploads\/2026\/06\/villers_2022-1-768x1152.avif 768w, https:\/\/asac.ca\/wp-content\/uploads\/2026\/06\/villers_2022-1-1024x1536.avif 1024w, https:\/\/asac.ca\/wp-content\/uploads\/2026\/06\/villers_2022-1-1365x2048.avif 1365w, https:\/\/asac.ca\/wp-content\/uploads\/2026\/06\/villers_2022-1-8x12.avif 8w, https:\/\/asac.ca\/wp-content\/uploads\/2026\/06\/villers_2022-1.avif 1370w\" sizes=\"(max-width: 683px) 100vw, 683px\" \/><\/a><\/figure><div class=\"wp-block-media-text__content\">\n<p class=\"wp-block-paragraph\"><strong>Vice-pr\u00e9sidente Adh\u00e9sion<\/strong><\/p>\n\n\n\n<p class=\"wp-block-paragraph\"><a href=\"https:\/\/uwaterloo.ca\/economics\/profiles\/stephanie-villers\" target=\"_blank\" rel=\"noopener\">Stephanie Villers<\/a><\/p>\n\n\n\n<p class=\"wp-block-paragraph\">University of Waterloo<\/p>\n<\/div><\/div>\n\n\n\n<div class=\"wp-block-media-text is-stacked-on-mobile is-vertically-aligned-top coblocks-animate\" style=\"grid-template-columns:31% auto\" data-coblocks-animation=\"slideInBottom\"><figure class=\"wp-block-media-text__media\"><a href=\"https:\/\/asac.ca\/wp-content\/uploads\/2026\/06\/Laleh-1.webp\"><img decoding=\"async\" data-attachment-id=\"22303\" data-permalink=\"https:\/\/asac.ca\/fr\/laleh-2-2\/\" data-orig-file=\"https:\/\/asac.ca\/wp-content\/uploads\/2026\/06\/Laleh-1.webp\" data-orig-size=\"600,800\" data-comments-opened=\"0\" data-image-meta=\"{&quot;aperture&quot;:&quot;0&quot;,&quot;credit&quot;:&quot;&quot;,&quot;camera&quot;:&quot;&quot;,&quot;caption&quot;:&quot;&quot;,&quot;created_timestamp&quot;:&quot;0&quot;,&quot;copyright&quot;:&quot;&quot;,&quot;focal_length&quot;:&quot;0&quot;,&quot;iso&quot;:&quot;0&quot;,&quot;shutter_speed&quot;:&quot;0&quot;,&quot;title&quot;:&quot;&quot;,&quot;orientation&quot;:&quot;0&quot;,&quot;alt&quot;:&quot;&quot;}\" data-image-title=\"Laleh\" data-image-description=\"\" data-image-caption=\"\" data-large-file=\"https:\/\/asac.ca\/wp-content\/uploads\/2026\/06\/Laleh-1.webp\" src=\"https:\/\/asac.ca\/wp-content\/uploads\/2026\/06\/Laleh-1.webp\" alt=\"\" class=\"wp-image-22303 size-full\"\/><\/a><\/figure><div class=\"wp-block-media-text__content\">\n<p class=\"wp-block-paragraph\"><strong>Vice-pr\u00e9sidente Programme d\u00e9sign\u00e9e<\/strong><\/p>\n\n\n\n<p class=\"wp-block-paragraph\"><a href=\"https:\/\/www.torontomu.ca\/accounting-finance\/faculty\/laleh-samarbakhsh\/\" data-type=\"link\" data-id=\"https:\/\/www.torontomu.ca\/accounting-finance\/faculty\/laleh-samarbakhsh\/\">Laleh Samarbaksh<br><\/a>Toronto Metropolitan University<\/p>\n<\/div><\/div>\n\n\n\n<div style=\"height:25px\" aria-hidden=\"true\" class=\"wp-block-spacer\"><\/div>\n\n\n\n<div class=\"wp-block-media-text is-stacked-on-mobile is-vertically-aligned-top coblocks-animate\" style=\"grid-template-columns:31% auto\" data-coblocks-animation=\"slideInBottom\"><figure class=\"wp-block-media-text__media\"><a href=\"https:\/\/asac.ca\/wp-content\/uploads\/2026\/06\/Vik-1.webp\"><img loading=\"lazy\" decoding=\"async\" width=\"768\" height=\"1024\" data-attachment-id=\"22305\" data-permalink=\"https:\/\/asac.ca\/fr\/vik-2-2\/\" data-orig-file=\"https:\/\/asac.ca\/wp-content\/uploads\/2026\/06\/Vik-1.webp\" data-orig-size=\"900,1200\" data-comments-opened=\"0\" data-image-meta=\"{&quot;aperture&quot;:&quot;0&quot;,&quot;credit&quot;:&quot;&quot;,&quot;camera&quot;:&quot;&quot;,&quot;caption&quot;:&quot;&quot;,&quot;created_timestamp&quot;:&quot;0&quot;,&quot;copyright&quot;:&quot;&quot;,&quot;focal_length&quot;:&quot;0&quot;,&quot;iso&quot;:&quot;0&quot;,&quot;shutter_speed&quot;:&quot;0&quot;,&quot;title&quot;:&quot;&quot;,&quot;orientation&quot;:&quot;0&quot;,&quot;alt&quot;:&quot;&quot;}\" data-image-title=\"Vik\" data-image-description=\"\" data-image-caption=\"\" data-large-file=\"https:\/\/asac.ca\/wp-content\/uploads\/2026\/06\/Vik-1-768x1024.jpg\" src=\"https:\/\/asac.ca\/wp-content\/uploads\/2026\/06\/Vik-1-768x1024.jpg\" alt=\"\" class=\"wp-image-22305 size-full\" srcset=\"https:\/\/asac.ca\/wp-content\/uploads\/2026\/06\/Vik-1-768x1024.jpg 768w, https:\/\/asac.ca\/wp-content\/uploads\/2026\/06\/Vik-1-225x300.jpg 225w, https:\/\/asac.ca\/wp-content\/uploads\/2026\/06\/Vik-1-9x12.jpg 9w, https:\/\/asac.ca\/wp-content\/uploads\/2026\/06\/Vik-1.jpg 900w\" sizes=\"(max-width: 768px) 100vw, 768px\" \/><\/a><\/figure><div class=\"wp-block-media-text__content\">\n<p class=\"wp-block-paragraph\"><strong>Vice-pr\u00e9sidente Programme d\u00e9sign\u00e9e<\/strong><\/p>\n\n\n\n<p class=\"wp-block-paragraph\"><a href=\"https:\/\/www.torontomu.ca\/tedrogersschool\/business-management\/majors\/global-management-studies\/faculty\/vik-singh\/\" target=\"_blank\" rel=\"noopener\">Vik Singh<\/a><\/p>\n\n\n\n<p class=\"wp-block-paragraph\">Toronto Metropolitan University<\/p>\n<\/div><\/div>\n\n\n\n<div style=\"height:25px\" aria-hidden=\"true\" class=\"wp-block-spacer\"><\/div>\n\n\n\n<div class=\"wp-block-media-text is-stacked-on-mobile is-vertically-aligned-top coblocks-animate\" style=\"grid-template-columns:32% auto\" data-coblocks-animation=\"slideInBottom\"><figure class=\"wp-block-media-text__media\"><a href=\"https:\/\/asac.ca\/wp-content\/uploads\/2026\/06\/Karen-1.webp\"><img decoding=\"async\" data-attachment-id=\"22309\" data-permalink=\"https:\/\/asac.ca\/fr\/karen-2-2\/\" data-orig-file=\"https:\/\/asac.ca\/wp-content\/uploads\/2026\/06\/Karen-1.webp\" data-orig-size=\"225,225\" data-comments-opened=\"0\" data-image-meta=\"{&quot;aperture&quot;:&quot;0&quot;,&quot;credit&quot;:&quot;&quot;,&quot;camera&quot;:&quot;&quot;,&quot;caption&quot;:&quot;&quot;,&quot;created_timestamp&quot;:&quot;0&quot;,&quot;copyright&quot;:&quot;&quot;,&quot;focal_length&quot;:&quot;0&quot;,&quot;iso&quot;:&quot;0&quot;,&quot;shutter_speed&quot;:&quot;0&quot;,&quot;title&quot;:&quot;&quot;,&quot;orientation&quot;:&quot;0&quot;,&quot;alt&quot;:&quot;&quot;}\" data-image-title=\"Karen\" data-image-description=\"\" data-image-caption=\"\" data-large-file=\"https:\/\/asac.ca\/wp-content\/uploads\/2026\/06\/Karen-1.webp\" src=\"https:\/\/asac.ca\/wp-content\/uploads\/2026\/06\/Karen-1.webp\" alt=\"\" class=\"wp-image-22309 size-full\"\/><\/a><\/figure><div class=\"wp-block-media-text__content\">\n<p class=\"wp-block-paragraph\"><strong>Vice-pr\u00e9sidente Prix et secr\u00e9taire<\/strong><\/p>\n\n\n\n<p class=\"wp-block-paragraph\"><a href=\"https:\/\/www.smu.ca\/researchers\/sobey\/profiles\/karen-grandy.html\" target=\"_blank\" rel=\"noopener\">Karen Grandy<\/a><\/p>\n\n\n\n<p class=\"wp-block-paragraph\">Saint Mary\u2019s University<\/p>\n<\/div><\/div>\n\n\n\n<div style=\"height:45px\" aria-hidden=\"true\" class=\"wp-block-spacer\"><\/div>\n\n\n\n<h3 class=\"wp-block-heading\">Bylaws<\/h3>\n\n\n\n<p class=\"wp-block-paragraph\"><a href=\"https:\/\/drive.google.com\/file\/d\/1noWoWTFJHSNDyk0mQXwTAqzktU8UeEZl\/view\" data-type=\"link\" data-id=\"https:\/\/drive.google.com\/file\/d\/1noWoWTFJHSNDyk0mQXwTAqzktU8UeEZl\/view\">Vous trouverez une copie des r\u00e8glements administratifs de l&#8217;ASAC ici.<\/a><\/p>\n\n\n\n<div class=\"wp-block-pb-accordion-item c-accordion__item js-accordion-item no-js\" data-initially-open=\"false\" data-click-to-close=\"true\" data-auto-close=\"true\" data-scroll=\"false\" data-scroll-offset=\"0\"><h5 id=\"at-14210\" class=\"c-accordion__title js-accordion-controller\" role=\"button\">Bylaw Overview<\/h5><div id=\"ac-14210\" class=\"c-accordion__content\">\n<p class=\"wp-block-paragraph\"><strong><em>1.01 Definitions:&nbsp;<\/em><\/strong>In these By-Laws and all other By-Laws of the Corporation, unless the context otherwise requires:<\/p>\n\n\n\n<ul class=\"wp-block-list\">\n<li>a. \u201cAct\u201d means the Canada Not-for-profit Corporations Act S.C. 2009, c.23 including the Regulations made pursuant to the Act, and any statute or regulations that may be substituted, as amended from time to time;<\/li>\n\n\n\n<li>b. \u201cArticles\u201d means the original or restated Articles of incorporation or Articles of amendment, amalgamation, continuance, reorganization, arrangement or revival of the Corporation;<\/li>\n\n\n\n<li>c. \u201cBoard\u201d means the Board of Directors of the Corporation and \u201cDirector\u201d means a member of the Board and \u201cExecutive Committee\u201d means a subset of the Board of Directors consisting of the Past President, President, Vice President Program, Treasurer, and Secretary;<\/li>\n\n\n\n<li>d. \u201cBy-Laws\u201d means these By-Laws and any other By-Laws of the Corporation as amended and which are, from time to time, in force and effect;<\/li>\n\n\n\n<li>e. \u201cmeeting of members\u201d includes an annual meeting of members or a special meeting of members; a special meeting of all members entitled to vote at an annual meeting of members;<\/li>\n\n\n\n<li>f. \u201cRegulations\u201d means the regulations made under the Act, as amended, restated or in effect from time to time;<\/li>\n\n\n\n<li>g. \u201cRequired Fee\u201d shall mean any fee, assessment, or other dollar amount required to be paid either in virtue of any bylaw or any resolution of the Board which has been validly passed; and<\/li>\n\n\n\n<li>h. \u201cspecial resolution\u201d means a resolution passed by a majority of not less than two-thirds (2\/3) of the votes cast on that resolution.<\/li>\n<\/ul>\n\n\n\n<p class=\"wp-block-paragraph\"><strong><em>1.02 Interpretation<\/em><\/strong>: In the interpretation of these By-Laws, words in the singular include the plural and vice-versa, words in one gender include all genders, and \u201cperson\u201d includes an individual, body corporate, partnership, trust and unincorporated organization. The word \u201cCorporation\u201d may on literature of the Corporation be designated as an \u201cAssociation\u201d. Other than as specified in 1.01 above, words and expressions defined in the Act have the same meanings when used in these By-Laws.<\/p>\n\n\n\n<p class=\"wp-block-paragraph\"><strong><em>1.03 Corporate Seal<\/em><\/strong>: The seal, an impression whereof is stamped in the margin hereof, shall be the seal of the Administrative Sciences Association of Canada (ASAC) Association des sciences administratives du Canada (ASAC) and shall be in the custody of the Secretary and Information Management of the Corporation.<\/p>\n\n\n\n<p class=\"wp-block-paragraph\"><strong><em>1.04 Execution of Documents<\/em><\/strong>: Deeds, transfers, assignments, contracts, obligations and other instruments in writing requiring execution by the Corporation may be signed by any two (2) of: (a) its President and (b) any one of the officers mentioned in Section 4.00 of the present By-Laws. In addition, the Board may from time to time direct the manner in which and the person or persons by whom a particular document or type of document shall be executed. Any person authorized to sign any document may affix the corporate seal (if any) to the document. Any signing officer may certify a copy of any instrument, resolution, By-Laws or other document of the Corporation to be a true copy thereof.<\/p>\n\n\n\n<p class=\"wp-block-paragraph\"><strong><em>1.05 Financial Year End:<\/em><\/strong>&nbsp;The financial year end of the Corporation shall be on December 31 of each year or on such other date as may be determined by the Board of Directors.<\/p>\n\n\n\n<p class=\"wp-block-paragraph\"><em><strong>1.06 Banking Arrangements:<\/strong><\/em>&nbsp;The banking business of the Corporation shall be transacted at such bank, trust company or other firm or corporation carrying on a banking business in Canada or elsewhere as the Board of Directors may designate, appoint or authorize from time to time by resolution. The banking business or any part of it shall be transacted by an officer or officers of the Corporation and\/or other persons as the Board of Directors may by resolution from time to time designate, direct or authorize.<br><br><strong><em>1.07 Annual Financial Statements:<\/em><\/strong>&nbsp;The Corporation may, instead of sending copies of the annual financial statements and other documents referred to in subsection 172(1) (Annual Financial Statements) of the Act to the members, publish a notice to its members stating that the annual financial statements and documents are available at the registered office of the Corporation and any member may, on request, obtain a copy free of charge at the registered office or by prepaid mail. 1.08 Head Office The Head Office of the Corporation shall be the business address of Board Director in the Secretary and Information Management position.<\/p>\n<\/div><\/div>\n\n\n\n<h3 class=\"wp-block-heading\">Board of Directors Roles<\/h3>\n\n\n\n<div class=\"wp-block-pb-accordion-item c-accordion__item js-accordion-item no-js\" data-initially-open=\"false\" data-click-to-close=\"true\" data-auto-close=\"true\" data-scroll=\"false\" data-scroll-offset=\"0\"><h5 id=\"at-14211\" class=\"c-accordion__title js-accordion-controller\" role=\"button\">President<\/h5><div id=\"ac-14211\" class=\"c-accordion__content\">\n<p class=\"wp-block-paragraph\">The President is elected by&nbsp;and from the membership for a two-year term. The President chairs the board, plays a leadership role in the development and management of ASAC, oversees the work of the CJAS editor and ASAC staff members, and represents the association in dealings with external parties.&nbsp; The President will also lead the sponsorship drive from the Deans of business schools.<\/p>\n\n\n\n<p class=\"wp-block-paragraph\">Le pr\u00e9sident est \u00e9lu par les membres et parmi ceux-ci pour un mandat de deux ans. Le pr\u00e9sident pr\u00e9side le conseil d\u2019administration, joue un r\u00f4le de leadership dans le d\u00e9veloppement et la gestion de l\u2019ASAC, supervise le travail du r\u00e9dacteur en chef de la RCSA ainsi que celui des membres du personnel de l\u2019ASAC, et repr\u00e9sente l\u2019association dans ses relations avec les parties externes. Le pr\u00e9sident dirige \u00e9galement la campagne de commandite aupr\u00e8s des doyens des \u00e9coles de gestion.<\/p>\n<\/div><\/div>\n\n\n\n<div class=\"wp-block-pb-accordion-item c-accordion__item js-accordion-item no-js\" data-initially-open=\"false\" data-click-to-close=\"true\" data-auto-close=\"true\" data-scroll=\"false\" data-scroll-offset=\"0\"><h5 id=\"at-14212\" class=\"c-accordion__title js-accordion-controller\" role=\"button\">Past President<\/h5><div id=\"ac-14212\" class=\"c-accordion__content\">\n<p class=\"wp-block-paragraph\">&nbsp;The position of Past President of ASAC is held by the individual who occupied the position of the President of ASAC in the preceding Year. The Past President advises the President and the Board, supports the president in the sponsorship drive with the Deans of business schools and takes on special projects.<\/p>\n\n\n\n<p class=\"wp-block-paragraph\">Le poste d\u2019ancien pr\u00e9sident de l\u2019ASAC est occup\u00e9 par la personne qui a assum\u00e9 la fonction de pr\u00e9sident de l\u2019ASAC l\u2019ann\u00e9e pr\u00e9c\u00e9dente. L\u2019ancien pr\u00e9sident agit \u00e0 titre de conseiller aupr\u00e8s du pr\u00e9sident et du conseil d\u2019administration, assiste le pr\u00e9sident dans les programmes de commandites aupr\u00e8s des doyens des \u00e9coles de gestion et prend en charge des projets sp\u00e9ciaux.<\/p>\n<\/div><\/div>\n\n\n\n<div class=\"wp-block-pb-accordion-item c-accordion__item js-accordion-item no-js\" data-initially-open=\"false\" data-click-to-close=\"true\" data-auto-close=\"true\" data-scroll=\"false\" data-scroll-offset=\"0\"><h5 id=\"at-14213\" class=\"c-accordion__title js-accordion-controller\" role=\"button\">VP Finance &amp; Treasurer<\/h5><div id=\"ac-14213\" class=\"c-accordion__content\">\n<p class=\"wp-block-paragraph\">The VP Finance &amp; Treasurer is elected by and from the membership for a three year term. In addition to participating actively in ASAC meetings, the Treasurer manages ASAC\u2019s financial assets, maintains accurate financial records, oversees investment accounts, and reports on ASAC\u2019s financial position on a regular basis.<\/p>\n\n\n\n<p class=\"wp-block-paragraph\">Le vice-pr\u00e9sident Finances et tr\u00e9sorier est \u00e9lu par les membres et parmi ceux-ci pour un mandat de trois ans. En plus de participer activement aux r\u00e9unions de l\u2019ASAC, le vice-pr\u00e9sident Finances et tr\u00e9sorier g\u00e8re les actifs de l\u2019ASAC, tient des registres financiers pr\u00e9cis, supervise les comptes d\u2019investissement et rend compte r\u00e9guli\u00e8rement de la situation financi\u00e8re de l\u2019ASAC.<br>Le vice-pr\u00e9sident Finances et tr\u00e9sorier pr\u00e9sente un bilan annuel audit\u00e9 ainsi qu\u2019un \u00e9tat des r\u00e9sultats \u00e0 l\u2019assembl\u00e9e annuelle des membres, et accomplit toute autre t\u00e2che que peut lui confier, \u00e0 l\u2019occasion, le conseil d\u2019administration.<\/p>\n<\/div><\/div>\n\n\n\n<div class=\"wp-block-pb-accordion-item c-accordion__item js-accordion-item no-js\" data-initially-open=\"false\" data-click-to-close=\"true\" data-auto-close=\"true\" data-scroll=\"false\" data-scroll-offset=\"0\"><h5 id=\"at-14214\" class=\"c-accordion__title js-accordion-controller\" role=\"button\">VP Program<\/h5><div id=\"ac-14214\" class=\"c-accordion__content\">\n<p class=\"wp-block-paragraph\">In addition to participating actively in ASAC meetings, the VP Program organizes the academic components of the annual conference of ASAC and supervises ASAC staff who manage the conference operations.<\/p>\n\n\n\n<p class=\"wp-block-paragraph\">En plus de participer activement aux r\u00e9unions de l\u2019ASAC, le vice-pr\u00e9sident Programmes organise les composantes acad\u00e9miques du congr\u00e8s annuel de l\u2019ASAC et supervise les membres du personnel de l\u2019ASAC responsables des op\u00e9rations de la conf\u00e9rence.<\/p>\n<\/div><\/div>\n\n\n\n<div class=\"wp-block-pb-accordion-item c-accordion__item js-accordion-item no-js\" data-initially-open=\"false\" data-click-to-close=\"true\" data-auto-close=\"true\" data-scroll=\"false\" data-scroll-offset=\"0\"><h5 id=\"at-14215\" class=\"c-accordion__title js-accordion-controller\" role=\"button\">VP Membership Development, Outreach, and Industry Liaison<\/h5><div id=\"ac-14215\" class=\"c-accordion__content\">\n<p class=\"wp-block-paragraph\">The Vice President Membership Development, Outreach and Industry Liaison is elected by and from the membership for a three-year term. In addition to participating actively in ASAC meetings, the Vice President Membership Development, Outreach and Industry Liaison manages all activities associated with recruiting members; develops, implements, and evaluates communications and marketing strategy and plan for ASAC; communicates with all members of ASAC; and manages public relations on behalf of ASAC.<\/p>\n\n\n\n<p class=\"wp-block-paragraph\">Le vice-pr\u00e9sident D\u00e9veloppement du membership, rayonnement et liaison avec l\u2019industrie est \u00e9lu par les membres et parmi ceux-ci pour un mandat de trois ans. En plus de participer activement aux r\u00e9unions de l\u2019ASAC, le vice-pr\u00e9sident D\u00e9veloppement du membership, rayonnement et liaison avec l\u2019industrie est responsable de toutes les activit\u00e9s li\u00e9es au recrutement des membres; il \u00e9labore, met en \u0153uvre et \u00e9value la strat\u00e9gie et le plan de communication et de marketing de l\u2019ASAC; communique avec l\u2019ensemble des membres de l\u2019ASAC; et g\u00e8re les relations publiques au nom de l\u2019ASAC.<\/p>\n<\/div><\/div>\n\n\n\n<div class=\"wp-block-pb-accordion-item c-accordion__item js-accordion-item no-js\" data-initially-open=\"false\" data-click-to-close=\"true\" data-auto-close=\"true\" data-scroll=\"false\" data-scroll-offset=\"0\"><h5 id=\"at-14216\" class=\"c-accordion__title js-accordion-controller\" role=\"button\">VP Awards &amp; Secretary<\/h5><div id=\"ac-14216\" class=\"c-accordion__content\">\n<p class=\"wp-block-paragraph\">The VP Awards &amp; Secretary is elected by and from the membership for a three year term. In addition to participating actively in ASAC meetings, the VP Awards &amp; Secretary oversees the ASAC Awards.  Subject to the direction of the Board of Directors, the VP Awards &amp; Secretary also records minutes of all meetings of the Corporation and shall correspond on behalf of the Corporation. <\/p>\n\n\n\n<p class=\"wp-block-paragraph\">Le vice-pr\u00e9sident Distinctions et secr\u00e9taire est \u00e9lu par les membres et parmi ceux-ci pour un mandat de trois ans. Il agit \u00e0 titre d\u2019archiviste de l\u2019ASAC, organise les r\u00e9unions du conseil d\u2019administration ainsi que l\u2019assembl\u00e9e g\u00e9n\u00e9rale annuelle, et y participe activement. Il est \u00e9galement responsable de la gestion des membres actuels et du processus de remise des distinctions de l\u2019ASAC.<\/p>\n<\/div><\/div>\n\n\n\n<div class=\"wp-block-pb-accordion-item c-accordion__item js-accordion-item no-js\" data-initially-open=\"false\" data-click-to-close=\"true\" data-auto-close=\"true\" data-scroll=\"false\" data-scroll-offset=\"0\"><h5 id=\"at-14217\" class=\"c-accordion__title js-accordion-controller\" role=\"button\">VP Program Elect<\/h5><div id=\"ac-14217\" class=\"c-accordion__content\">\n<p class=\"wp-block-paragraph\">The VP Program Elect is elected by and from the membership for a one year term as VP Program Elect and then becomes the VP Program the following year. In addition to participating actively in ASAC meetings, the VP Program Elect determines the conference location for the following year and works with the VP Program to organize the current years&#8217; conference.<\/p>\n\n\n\n<p class=\"wp-block-paragraph\">Le vice-pr\u00e9sident Programmes \u00e9lu est \u00e9lu par les membres et parmi ceux-ci pour un mandat d\u2019un an \u00e0 titre de vice-pr\u00e9sident \u00e9lu, et devient vice-pr\u00e9sident Programmes l\u2019ann\u00e9e suivante. En plus de participer activement aux r\u00e9unions de l\u2019ASAC, le vice-pr\u00e9sident Programmes \u00e9lu d\u00e9termine le lieu du congr\u00e8s de l\u2019ann\u00e9e suivante et collabore avec le vice-pr\u00e9sident Programmes \u00e0 l\u2019organisation du congr\u00e8s de l\u2019ann\u00e9e en cour.<\/p>\n\n\n\n<div style=\"height:25px\" aria-hidden=\"true\" class=\"wp-block-spacer\"><\/div>\n<\/div><\/div>\n\n\n\n<p class=\"wp-block-paragraph\">D\u00e9couvrez le <a href=\"https:\/\/asac.ca\/fr\/aboutus\/\" data-type=\"link\" data-id=\"https:\/\/asac.ca\/fr\/aboutus\/\">conseil d&#8217;administration de l&#8217;ASAC.<\/a><\/p>\n\n\n\n<h3 class=\"wp-block-heading\">Nominations et \u00e9lections<\/h3>\n\n\n\n<div class=\"wp-block-pb-accordion-item c-accordion__item js-accordion-item no-js\" data-initially-open=\"false\" data-click-to-close=\"true\" data-auto-close=\"true\" data-scroll=\"false\" data-scroll-offset=\"0\"><h5 id=\"at-14218\" class=\"c-accordion__title js-accordion-controller\" role=\"button\">\u00c9lection du conseil d&#8217;administration<\/h5><div id=\"ac-14218\" class=\"c-accordion__content\">\n<p class=\"wp-block-paragraph\">Le comit\u00e9 des candidatures, compos\u00e9 du pr\u00e9sident et de l&#8217;ancien pr\u00e9sident, transmettra aux membres un appel de candidatures pour tout poste vacant de pr\u00e9sident, de vice-pr\u00e9sidents, de secr\u00e9taire et gestion de l&#8217;information, ainsi que de tr\u00e9sorier, au plus tard le 1er f\u00e9vrier de l&#8217;ann\u00e9e de l&#8217;\u00e9lection.<\/p>\n\n\n\n<p class=\"wp-block-paragraph\">Les candidatures aux postes de dirigeants de la Corporation peuvent \u00eatre propos\u00e9es par tout membre, qui peut se porter candidat lui-m\u00eame ou proposer la candidature d&#8217;un autre membre. Une mise en candidature \u00e9crite (par courriel) doit \u00eatre envoy\u00e9e au comit\u00e9 des candidatures au plus tard le 1er mars (sauf indication contraire dans l&#8217;appel de candidatures) de l&#8217;ann\u00e9e de l&#8217;\u00e9lection.<\/p>\n\n\n\n<p class=\"wp-block-paragraph\">Le comit\u00e9 des candidatures peut communiquer avec les personnes propos\u00e9es afin de confirmer leur int\u00e9r\u00eat et leurs qualifications. Le comit\u00e9 des candidatures pr\u00e9sentera ensuite les candidatures aux membres en proc\u00e9dant \u00e0 un vote par courriel au plus tard le 1er avril, les r\u00e9ponses devant \u00eatre re\u00e7ues au plus tard le 1er mai (sauf indication contraire dans l&#8217;appel de candidatures).<\/p>\n\n\n\n<p class=\"wp-block-paragraph\">Le ou les candidats ayant obtenu le plus grand nombre de votes seront d\u00e9clar\u00e9s \u00e9lus. La nouvelle liste des dirigeants sera annonc\u00e9e et approuv\u00e9e lors des r\u00e9unions tenues dans le cadre du congr\u00e8s de l&#8217;ASAC.<\/p>\n<\/div><\/div>\n\n\n\n<div class=\"wp-block-pb-accordion-item c-accordion__item js-accordion-item no-js\" data-initially-open=\"false\" data-click-to-close=\"true\" data-auto-close=\"true\" data-scroll=\"false\" data-scroll-offset=\"0\"><h5 id=\"at-14219\" class=\"c-accordion__title js-accordion-controller\" role=\"button\">\u00c9lection des dirigeants de division<\/h5><div id=\"ac-14219\" class=\"c-accordion__content\">\n<p class=\"wp-block-paragraph\">Les dirigeants de division sont propos\u00e9s et \u00e9lus par les membres de la division, selon les modalit\u00e9s d\u00e9termin\u00e9es par celle-ci. L&#8217;\u00e9lection de tout autre membre \u00e9lectif du conseil d&#8217;administration se d\u00e9roule comme suit :<\/p>\n\n\n\n<p class=\"wp-block-paragraph\">Chaque membre de l&#8217;Association a le droit de voter pour un nombre de candidats \u00e9gal au nombre de postes \u00e0 pourvoir.<br>Les candidats ayant obtenu le plus grand nombre de votes sont d\u00e9clar\u00e9s \u00e9lus.Divisional officers shall be nominated and elected by members of the Division in a manner determined by the Division. Election of any other elective members of the board of directors shall be as follows:<\/p>\n<\/div><\/div>\n\n\n\n<h3 class=\"wp-block-heading\">Privacy &amp; Code of Ethics<\/h3>\n\n\n\n<div class=\"wp-block-pb-accordion-item c-accordion__item js-accordion-item no-js\" data-initially-open=\"false\" data-click-to-close=\"true\" data-auto-close=\"true\" data-scroll=\"false\" data-scroll-offset=\"0\"><h5 id=\"at-142110\" class=\"c-accordion__title js-accordion-controller\" role=\"button\">D\u00e9claration de confidentialit\u00e9 de l&#8217;ASAC<\/h5><div id=\"ac-142110\" class=\"c-accordion__content\">\n<p class=\"wp-block-paragraph\">L&#8217;ASAC ne recueille des renseignements personnels identifiables sur les individus que lorsque ceux-ci les fournissent sp\u00e9cifiquement et explicitement, sur une base volontaire, dans le cadre du processus d&#8217;inscription \u00e0 l&#8217;adh\u00e9sion \u00e0 l&#8217;ASAC ou lors de la cr\u00e9ation d&#8217;un compte sur ScholarOne, le syst\u00e8me de gestion des articles utilis\u00e9 par la Revue canadienne des sciences de l&#8217;administration (RCSA\/CJAS). L&#8217;ASAC transmettra le nom et l&#8217;adresse des membres \u00e0 l&#8217;\u00e9diteur de la RCSA lorsque les membres auront choisi de recevoir leur revue en version papier par la poste. Les renseignements personnels identifiables des utilisateurs individuels ne seront ni vendus ni transf\u00e9r\u00e9s \u00e0 des tiers non affili\u00e9s. L&#8217;ASAC se r\u00e9serve le droit de communiquer avec un membre, un auteur ou un \u00e9valuateur au sujet de l&#8217;\u00e9tat de son compte ou d&#8217;autres questions li\u00e9es au service sous-jacent ou aux renseignements recueillis.<\/p>\n\n\n\n<p class=\"wp-block-paragraph\">Les membres de l&#8217;ASAC ont le droit de supprimer leur compte en tout temps; d\u00e8s lors, tous leurs renseignements personnels identifiables seront supprim\u00e9s de l&#8217;ensemble des serveurs, bases de donn\u00e9es et dossiers.<\/p>\n\n\n\n<p class=\"wp-block-paragraph\">Les sites ScholarOne et de la RCSA utilisent des t\u00e9moins (cookies). Les \u00ab t\u00e9moins \u00bb sont de petits fichiers texte qu&#8217;un site Web peut utiliser pour reconna\u00eetre les utilisateurs r\u00e9currents, faciliter leur acc\u00e8s continu au site ainsi que son utilisation, et permettre au site de suivre le comportement d&#8217;utilisation et de compiler des donn\u00e9es agr\u00e9g\u00e9es en vue d&#8217;am\u00e9liorer le contenu et de cibler la publicit\u00e9. Les t\u00e9moins ne sont pas des programmes qui s&#8217;installent sur le syst\u00e8me d&#8217;un utilisateur et qui endommagent des fichiers. En r\u00e8gle g\u00e9n\u00e9rale, les t\u00e9moins fonctionnent en attribuant \u00e0 l&#8217;utilisateur un num\u00e9ro unique qui n&#8217;a aucune signification en dehors du site l&#8217;ayant attribu\u00e9. Les utilisateurs doivent savoir que l&#8217;ASAC ne peut contr\u00f4ler l&#8217;utilisation des t\u00e9moins ni les renseignements qui en d\u00e9coulent par les annonceurs ou les tiers h\u00e9bergeant des donn\u00e9es pour le compte de l&#8217;ASAC, et recommande fortement aux utilisateurs de consulter les politiques de confidentialit\u00e9 de tout site tiers h\u00e9bergeant des donn\u00e9es li\u00e9es \u00e0 l&#8217;ASAC, y compris ScholarOne et Wiley. Si un utilisateur ne souhaite pas que des renseignements soient recueillis au moyen de t\u00e9moins, une proc\u00e9dure simple, offerte dans la plupart des navigateurs, lui permet de refuser ou d&#8217;accepter cette fonctionnalit\u00e9; les utilisateurs doivent toutefois noter que les t\u00e9moins peuvent \u00eatre n\u00e9cessaires pour offrir certaines fonctionnalit\u00e9s du site (p. ex., la diffusion personnalis\u00e9e de renseignements).<\/p>\n\n\n\n<p class=\"wp-block-paragraph\">Les pr\u00e9sentes politiques sont en vigueur depuis le 23 avril 2018. L&#8217;ASAC se r\u00e9serve le droit de modifier cette politique en tout temps en avisant les utilisateurs de l&#8217;existence d&#8217;une nouvelle d\u00e9claration de confidentialit\u00e9. La pr\u00e9sente d\u00e9claration et les politiques qui y sont d\u00e9crites ne visent pas \u00e0 cr\u00e9er, et ne cr\u00e9ent pas, de droits contractuels ou autres droits l\u00e9gaux au b\u00e9n\u00e9fice de quelque partie que ce soit.<\/p>\n<\/div><\/div>\n\n\n\n<div class=\"wp-block-pb-accordion-item c-accordion__item js-accordion-item no-js\" data-initially-open=\"false\" data-click-to-close=\"true\" data-auto-close=\"true\" data-scroll=\"false\" data-scroll-offset=\"0\"><h5 id=\"at-142111\" class=\"c-accordion__title js-accordion-controller\" role=\"button\">Code de d\u00e9ontologie<\/h5><div id=\"ac-142111\" class=\"c-accordion__content\">\n<p class=\"wp-block-paragraph\">Directives g\u00e9n\u00e9rales et code d&#8217;\u00e9thique du programme scientifique avec comit\u00e9 de lecture\u00b9<\/p>\n\n\n\n<p class=\"wp-block-paragraph\">Renseignements importants pour tous les soumissionnaires<\/p>\n\n\n\n<p class=\"wp-block-paragraph\">Articles Il incombe aux membres de l&#8217;ASAC qui m\u00e8nent des travaux de recherche de concevoir, de r\u00e9aliser, d&#8217;analyser, de rapporter et de pr\u00e9senter leurs r\u00e9sultats avec rigueur. La rigueur en recherche comprend une conception, une ex\u00e9cution, une analyse et une interpr\u00e9tation soign\u00e9es des r\u00e9sultats, ainsi que la conservation des donn\u00e9es. La pr\u00e9sentation des travaux de recherche doit reposer sur un traitement honn\u00eate des donn\u00e9es qui met en \u00e9vidence tant les forces que les faiblesses des r\u00e9sultats obtenus. La paternit\u00e9 de l&#8217;\u0153uvre et le cr\u00e9dit doivent \u00eatre attribu\u00e9s proportionnellement aux contributions respectives des diff\u00e9rentes parties. Que les id\u00e9es ou concepts emprunt\u00e9s \u00e0 autrui aient \u00e9t\u00e9 publi\u00e9s ou non, ils doivent \u00eatre d\u00fbment reconnus, tout comme les conseils et l&#8217;aide re\u00e7us. Les auteurs doivent \u00e9galement se garder de plagier le travail d&#8217;autrui. Le plagiat se d\u00e9finit comme suit :<\/p>\n\n\n\n<p class=\"wp-block-paragraph\">L&#8217;omission de reconna\u00eetre de mani\u00e8re suffisante les mots, id\u00e9es ou donn\u00e9es d&#8217;autrui incorpor\u00e9s dans un travail que l&#8217;auteur soumet en vue d&#8217;un cr\u00e9dit universitaire ou d&#8217;un autre avantage. L&#8217;attribution est jug\u00e9e suffisante lorsqu&#8217;elle informe ad\u00e9quatement le lecteur raisonnable et, par cons\u00e9quent, ne l&#8217;induit pas en erreur de fa\u00e7on substantielle quant \u00e0 la source des mots, id\u00e9es ou donn\u00e9es. L&#8217;attribution (ou son absence) est jug\u00e9e trompeuse de fa\u00e7on substantielle si elle pouvait amener un lecteur raisonnable \u00e0 se m\u00e9prendre sur la source des mots, id\u00e9es ou donn\u00e9es, d&#8217;une mani\u00e8re susceptible d&#8217;avantager l&#8217;auteur soumettant le travail (c&#8217;est nous qui soulignons).\u00b2<br>De plus, les articles soumis ne doivent pas \u00eatre actuellement \u00e0 l&#8217;\u00e9tude ailleurs, ni avoir \u00e9t\u00e9 pr\u00e9sent\u00e9s ou programm\u00e9s pour pr\u00e9sentation, publi\u00e9s ou accept\u00e9s pour publication auparavant; s&#8217;ils sont en cours d&#8217;\u00e9valuation, ils ne doivent pas para\u00eetre avant la tenue du congr\u00e8s de l&#8217;ASAC. Les membres doivent signaler aux pr\u00e9sidents de division ou aux comit\u00e9s appropri\u00e9s toute pratique ou action de la part d&#8217;autres membres qu&#8217;ils jugent susceptible de contrevenir aux r\u00e8glements de l&#8217;ASAC ou aux normes g\u00e9n\u00e9rales de conduite \u00e9thique.<\/p>\n\n\n\n<p class=\"wp-block-paragraph\">Membres et pr\u00e9sentateurs Afin de favoriser des \u00e9changes constructifs, les membres de l&#8217;ASAC doivent promouvoir un climat d&#8217;\u00e9change libre et de critique constructive au sein de l&#8217;association, et se montrer dispos\u00e9s \u00e0 partager pleinement leurs r\u00e9sultats de recherche et leurs points de vue avec les autres membres.<\/p>\n\n\n\n<p class=\"wp-block-paragraph\">L&#8217;ASAC est une association b\u00e9n\u00e9vole dont l&#8217;existence et le fonctionnement reposent sur la coop\u00e9ration, l&#8217;engagement et le leadership de ses membres. Les membres doivent honorer tous leurs engagements professionnels, notamment la pr\u00e9sentation des articles accept\u00e9s et la participation aux r\u00f4les qui leur sont attribu\u00e9s, que ce soit \u00e0 titre de pr\u00e9sident de s\u00e9ance, de commentateur ou de membre d&#8217;un panel. Si une absence \u00e0 une s\u00e9ance pr\u00e9vue s&#8217;av\u00e8re in\u00e9vitable, les membres doivent en aviser les personnes concern\u00e9es et prendre les dispositions de rechange appropri\u00e9es. Les responsables ont pour leur part la m\u00eame obligation de s&#8217;acquitter de leurs devoirs et responsabilit\u00e9s en temps opportun, avec diligence et discernement, sans \u00e9gard aux amiti\u00e9s ou aux gains personnels.<\/p>\n\n\n\n<hr class=\"wp-block-separator has-alpha-channel-opacity\"\/>\n\n\n\n<p class=\"wp-block-paragraph\">\u00b9 Ces directives ont \u00e9t\u00e9 adapt\u00e9es avec permission de l&#8217;Academy of Management.<br>\u00b2 Discipline: An Academic Dean&#8217;s Perspective on Dealing with Plagiarism. Brigham Young University Education &amp; Law Journal, 2004, num\u00e9ro 2, p. 441-448.<\/p>\n<\/div><\/div>\n\n\n\n<div style=\"height:45px\" aria-hidden=\"true\" class=\"wp-block-spacer\"><\/div>\n\n\n\n<h3 class=\"wp-block-heading\">AGM \/ AGA<\/h3>\n\n\n\n<div class=\"wp-block-pb-accordion-item c-accordion__item js-accordion-item no-js\" data-initially-open=\"false\" data-click-to-close=\"true\" data-auto-close=\"true\" data-scroll=\"false\" data-scroll-offset=\"0\"><h5 id=\"at-142112\" class=\"c-accordion__title js-accordion-controller\" role=\"button\">Annual General Meeting Documents<\/h5><div id=\"ac-142112\" class=\"c-accordion__content\"><p>[memberonly]<\/p>\n\n\n\n<p class=\"wp-block-paragraph\"><strong>ASSEMBL\u00c9ES G\u00c9N\u00c9RALES ANNUELLES \/\/ ANNUAL GENERAL MEETINGS<\/strong><\/p>\n\n\n\n<p class=\"wp-block-paragraph\"><strong>AGA 2024 \/\/ AGM 2024<\/strong><\/p>\n\n\n\n<p class=\"wp-block-paragraph\">L&#8217;assembl\u00e9e g\u00e9n\u00e9rale annuelle de l&#8217;ASAC 2024 aura lieu le dimanche 2 juin 2024 \u00e0 12 h HE. \/\/ The ASAC 2024 Annual General Meeting will be held on Sunday, June 2, 2024 at 12:00pm ET.<\/p>\n\n\n\n<ul class=\"wp-block-list\">\n<li><a href=\"https:\/\/asac.ca\/wp-content\/uploads\/2024\/05\/ASAC-2024-AGM-AGENDA-.docx-1.pdf\">Ordre du jour de l\u2019AGA 2024 de l\u2019ASAC \/\/ ASAC 2024 AGM Agenda&nbsp;<\/a><\/li>\n\n\n\n<li><a href=\"https:\/\/asac.ca\/wp-content\/uploads\/2024\/05\/ASAC-2023-AGM-MINUTES.docx.pdf\">Proc\u00e8s-verbal de l&#8217;AGA 2023 de l&#8217;ASAC \/\/ ASAC 2023 AGM Minutes<\/a><\/li>\n\n\n\n<li><a href=\"https:\/\/asac.ca\/wp-content\/uploads\/2024\/05\/ASAC-2023-FS-.pdf\">ASAC \u00c9tats financiers 2023 \/\/ ASAC 2023 Financial Statements<\/a><\/li>\n\n\n\n<li><a href=\"https:\/\/asac.ca\/wp-content\/uploads\/2024\/05\/CHANGES-IN-THE-ROLES-OF-ASAC-BOARD-MEMBERS-APPENDIX-I.docx.pdf\">Changements dans les r\u00f4les du conseil d&#8217;administration \/\/ Changes in board roles&nbsp;<\/a><\/li>\n<\/ul>\n\n\n\n<p class=\"wp-block-paragraph\"><strong>AGA 2023 \/\/ AGM 2023<\/strong><\/p>\n\n\n\n<p class=\"wp-block-paragraph\">L&#8217;assembl\u00e9e g\u00e9n\u00e9rale annuelle de l&#8217;ASAC 2023 s&#8217;est tenue le lundi 5 juin 2022 \u00e0 12 h 00 HAE. \/\/ The ASAC 2023 Annual General Meeting was held on Monday, June 5, 2022 at 12:00pm EDT.<\/p>\n\n\n\n<ul class=\"wp-block-list\">\n<li><a href=\"https:\/\/asac.ca\/wp-content\/uploads\/2023\/05\/ASAC-2023-AGM-AGENDA-ITEMS.pdf\">ASAC 2023 AGM Agenda&nbsp;<\/a><\/li>\n\n\n\n<li><a href=\"https:\/\/asac.ca\/wp-content\/uploads\/2023\/05\/AGM-ASAC-2022-MINUTES.pdf\">ASAC 2022 AGM Minutes<\/a><\/li>\n\n\n\n<li><a href=\"https:\/\/asac.ca\/wp-content\/uploads\/2023\/05\/Administrative-Sciences-Association-of-Canada-2022-Final-Financial-Statements.pdf\">ASAC 2022 Financial Statements<\/a><\/li>\n\n\n\n<li><a href=\"https:\/\/asac.ca\/wp-content\/uploads\/2023\/05\/CJAS-EIC-REPORT.pdf\">CJAS Report 2023<\/a><\/li>\n<\/ul>\n\n\n\n<p class=\"wp-block-paragraph\"><strong>AGA 2022 \/\/ AGM 2022<\/strong><\/p>\n\n\n\n<p class=\"wp-block-paragraph\">L&#8217;assembl\u00e9e g\u00e9n\u00e9rale annuelle 2022 de l&#8217;ASAC s&#8217;est tenue le lundi 6 juin 2022 \u00e0 13 h HAA. \/\/ The ASAC 2022 Annual General Meeting was held Monday, June 6, 2022 at 1:00pm ADT.<\/p>\n\n\n\n<ul class=\"wp-block-list\">\n<li><a href=\"https:\/\/asac.ca\/wp-content\/uploads\/2022\/05\/ASAC-2022-AGM-Agenda-1.pdf\" target=\"_blank\" rel=\"noreferrer noopener\">ASAC 2022 AGM Agenda<\/a><\/li>\n\n\n\n<li><a href=\"https:\/\/asac.ca\/wp-content\/uploads\/2022\/06\/ASAC-2021-Financial-Statements.pdf\" target=\"_blank\" rel=\"noreferrer noopener\">ASAC 2021 Financial Statements<\/a><\/li>\n<\/ul>\n\n\n\n<p class=\"wp-block-paragraph\"><strong>AGA 2021 \/\/ AGM 2021<\/strong><\/p>\n\n\n\n<p class=\"wp-block-paragraph\">L&#8217;assembl\u00e9e g\u00e9n\u00e9rale annuelle de l&#8217;ASAC 2021 s&#8217;est tenue virtuellement le dimanche 13 juin 2021 \u00e0 9 h 00 HAE. \/\/ The ASAC 2021 Annual General Meeting was held virtually on Sunday, June 13, 2021 at 9:00am EDT.<\/p>\n\n\n\n<ul class=\"wp-block-list\">\n<li><a href=\"https:\/\/asac.ca\/wp-content\/uploads\/2022\/05\/ASAC-2021-AGM-Minutes.pdf\" target=\"_blank\" rel=\"noreferrer noopener\">ASAC 2021 AGM Minutes<\/a><\/li>\n\n\n\n<li><a href=\"https:\/\/asac.ca\/wp-content\/uploads\/2021\/06\/ASAC-2021-AGM-Agenda-Tentative.pdf\" target=\"_blank\" rel=\"noreferrer noopener\">ASAC 2021 AGM Agenda<\/a><\/li>\n\n\n\n<li><a href=\"https:\/\/asac.ca\/wp-content\/uploads\/2021\/06\/Administrative-Sciences-Association-of-Canada-2020FS-DRAFT-6JUN21.pdf\" target=\"_blank\" rel=\"noreferrer noopener\">2020 Draft Financial Statements<\/a><\/li>\n\n\n\n<li><a href=\"https:\/\/asac.ca\/wp-content\/uploads\/2021\/06\/CJAS-Report-to-GA-June-13-2021.pptx\">CJAS Report 2021<\/a><\/li>\n<\/ul>\n\n\n\n<p class=\"wp-block-paragraph\"><strong>AGA 2020 \/\/ AGM 2020<\/strong><\/p>\n\n\n\n<p class=\"wp-block-paragraph\">L&#8217;assembl\u00e9e g\u00e9n\u00e9rale annuelle de l&#8217;ASAC 2020 s&#8217;est tenue le lundi 11 janvier 2021 de 13 h 00 \u00e0 15 h 00 HNE. La r\u00e9union a \u00e9t\u00e9 retard\u00e9e en raison d&#8217;un retard dans le traitement de nos \u00e9tats financiers de 2019 en raison de la pand\u00e9mie de COVID-19. La r\u00e9union s\u2019est tenue virtuellement. \/\/&nbsp; The ASAC 2020 Annual General Meeting was held Monday, January 11, 2021 from 1:00pm to 3:00pm EST. The meeting was delayed due to a delay in the processing of our 2019 financial statements due to the COVID-19 pandemic. The meeting was held virtually.<\/p>\n\n\n\n<ul class=\"wp-block-list\">\n<li><a href=\"https:\/\/asac.ca\/wp-content\/uploads\/2021\/02\/ASAC-2020-AGM-Minutes.pdf\">AGM 2020 Minutes<\/a><\/li>\n\n\n\n<li><a href=\"https:\/\/asac.ca\/wp-content\/uploads\/2020\/11\/ASAC-2020-AGM-Agenda.pdf\" target=\"_blank\" rel=\"noreferrer noopener\">AGM 2020 Agenda<\/a><\/li>\n\n\n\n<li><a href=\"https:\/\/asac.ca\/wp-content\/uploads\/2020\/12\/Administrative-Sciences-Association-of-Canada-2019-Financial-Statements.pdf\">2019 Financial Statements<\/a><\/li>\n\n\n\n<li><a href=\"https:\/\/asac.ca\/wp-content\/uploads\/2020\/11\/EIC-Report-August-2020.pptx\" target=\"_blank\" rel=\"noreferrer noopener\">CJAS EIC Report 2020<\/a><\/li>\n\n\n\n<li><a href=\"https:\/\/asac.ca\/wp-content\/uploads\/2020\/11\/Financial-Statements-CJAS-June-2020.pdf\">CJAS Financial Statements June 2020<\/a><\/li>\n\n\n\n<li><a href=\"https:\/\/asac.ca\/wp-content\/uploads\/2020\/11\/CJAS-2020-Marketing-Plan.pdf\">CJAS 2020 Marketing Plan<\/a><\/li>\n\n\n\n<li><a href=\"https:\/\/asac.ca\/wp-content\/uploads\/2020\/11\/Canadian-Journal-of-Administrative-Sciences-Publishers-Report-2019.pdf\">CJAS Publisher&#8217;s Report 2019<\/a><\/li>\n<\/ul>\n\n\n\n<p class=\"wp-block-paragraph\"><strong>AGA 2019 \/\/ AGM 2019<\/strong><\/p>\n\n\n\n<p class=\"wp-block-paragraph\">L&#8217;AGA 2019 de l&#8217;ASAC a eu lieu le dimanche 26 mai 2019 \u00e0 8 h 30 HAE \u00e0 St. Catharine&#8217;s, en Ontario, pendant la conf\u00e9rence annuelle de l&#8217;ASAC. \/ \/ The ASAC 2019 AGM was held on Sunday, May 26, 2019 at 8:30am EDT in St. Catharine&#8217;s, ON, during the ASAC Annual Conference.<\/p>\n\n\n\n<ul class=\"wp-block-list\">\n<li><a href=\"https:\/\/asac.ca\/wp-content\/uploads\/2020\/11\/ASAC-2019-AGM-Minutes.pdf\" target=\"_blank\" rel=\"noreferrer noopener\">AGM 2019 Minutes<\/a><\/li>\n\n\n\n<li><a href=\"https:\/\/asac.ca\/wp-content\/uploads\/2020\/11\/ASAC-Audited-Financial-Statements-Dec-31-2018.pdf\" target=\"_blank\" rel=\"noreferrer noopener\">2018 Financial Statements<\/a><\/li>\n\n\n\n<li><a href=\"https:\/\/asac.ca\/wp-content\/uploads\/2020\/11\/Publishers-Report-CJAS-2018.pdf\" target=\"_blank\" rel=\"noreferrer noopener\">CJAS Publisher&#8217;s Report 2018<\/a><\/li>\n\n\n\n<li><a href=\"https:\/\/asac.ca\/wp-content\/uploads\/2020\/11\/EIC-Report-May-2019.pptx\" target=\"_blank\" rel=\"noreferrer noopener\">CJAS EIC Report 2019<\/a><\/li>\n<\/ul>\n<\/div><\/div>\n","protected":false},"excerpt":{"rendered":"<p>Conseil d&#8217;administration Pr\u00e9sident de l&#8217;ASAC Amir Bahman RadnejadMount Royal University Pr\u00e9sident sortant Vacant Vacant Vice-pr\u00e9sidente Finances et secr\u00e9taire Rhonda McIverSt. Francis Xavier University Vice-pr\u00e9sident Programme Sam KolahgarUniversity of Prince Edward [&hellip;]<\/p>\n","protected":false},"author":88652768,"featured_media":0,"parent":0,"menu_order":0,"comment_status":"closed","ping_status":"closed","template":"","meta":{"_bbp_topic_count":0,"_bbp_reply_count":0,"_bbp_total_topic_count":0,"_bbp_total_reply_count":0,"_bbp_voice_count":0,"_bbp_anonymous_reply_count":0,"_bbp_topic_count_hidden":0,"_bbp_reply_count_hidden":0,"_bbp_forum_subforum_count":0,"_coblocks_attr":"","_coblocks_dimensions":"","_coblocks_responsive_height":"","_coblocks_accordion_ie_support":"","_genesis_hide_title":false,"_genesis_hide_breadcrumbs":false,"_genesis_hide_singular_image":false,"_genesis_hide_footer_widgets":false,"_genesis_custom_body_class":"","_genesis_custom_post_class":"","_genesis_layout":"","_wpcom_ai_launchpad_about_page":false,"_wpcom_ai_launchpad_gallery_page":false,"_wpcom_ai_launchpad_contact_page":false,"_wpcom_ai_launchpad_events_page":false,"_wpcom_ai_launchpad_video_page":false,"_wpcom_ai_launchpad_portfolio_piece":false,"footnotes":"","_members_access_role":[],"_members_access_error":""},"class_list":["post-1421","page","type-page","status-publish","entry"],"jetpack_likes_enabled":false,"jetpack_sharing_enabled":true,"jetpack_shortlink":"https:\/\/wp.me\/P6jvYC-mV","jetpack-related-posts":[{"id":1433,"url":"https:\/\/asac.ca\/fr\/governance\/rolesoftheboardofdirectors\/","url_meta":{"origin":1421,"position":0},"title":"R\u00f4les des membres du conseil d&#8217;administration","author":"asaccanada","date":"janvier 11, 2020","format":false,"excerpt":"Pr\u00e9sident Le pr\u00e9sident de l'ASAC est \u00e9lu par et parmi les membres pour un mandat de deux ans. Le pr\u00e9sident pr\u00e9side le conseil d'administration, joue un r\u00f4le de leadership dans le d\u00e9veloppement et la gestion de l'ASAC, supervise le travail du r\u00e9dacteur en chef de CJAS et des membres du\u2026","rel":"","context":"Article similaire","block_context":{"text":"Article similaire","link":""},"img":{"alt_text":"","src":"","width":0,"height":0},"classes":[]},{"id":1423,"url":"https:\/\/asac.ca\/fr\/governance\/boardofdirectors\/","url_meta":{"origin":1421,"position":1},"title":"Conseil d&#8217;administration de l&#8217;ASAC","author":"asaccanada","date":"janvier 11, 2020","format":false,"excerpt":"Pr\u00e9sident: Shamsud ChowdhuryDalhousie UniversityCourriel: shamsud.chowdhury@dal.ca Ancien pr\u00e9sident:Trish McLarenWilfrid Laurier UniversityCourriel: pmclaren@wlu.caVice-pr\u00e9sident de la programmation: St\u00e9phane GoyetteUniversit\u00e9 de SherbrookeEmail: stephane.goyette@usherbrooke.caVice-pr\u00e9sident de la programmation \u00e9lu: Stephanie VillersUniversity of WaterlooEmail:\u00a0svillers@uwaterloo.ca Tr\u00e9sori\u00e8re: Adri van HiltenToronto Metropolitan UniversityCourriel:\u00a0adri.vanhilten@bell.netVice-pr\u00e9sident, d\u00e9veloppement des adh\u00e9sions, sensibilisation et liaison avec l'industrie: Amir Bahman RadnejadMount Royal UniversityEmail:\u00a0bradnejad@mtroyal.caVice-pr\u00e9sident, r\u00e9compenses et secr\u00e9taire:Barak AharonsonUniversity\u2026","rel":"","context":"Article similaire","block_context":{"text":"Article similaire","link":""},"img":{"alt_text":"","src":"","width":0,"height":0},"classes":[]},{"id":1426,"url":"https:\/\/asac.ca\/fr\/governance\/nominationselections\/","url_meta":{"origin":1421,"position":2},"title":"Nominations et \u00e9lections","author":"asaccanada","date":"janvier 11, 2020","format":false,"excerpt":"\u00c9lection des membres du conseil d'administration Avant le 1er\u00a0f\u00e9vrier de l'ann\u00e9e \u00e9lectorale, le comit\u00e9 des candidatures, compos\u00e9 du pr\u00e9sident et de l'ancien pr\u00e9sident, envoie \u00e0 tous les membres des appels \u00e0 candidatures pour tous les postes \u00e0 pourvoir, incluant : les vice-pr\u00e9sidents, le secr\u00e9taire et responsable de l'information, le tr\u00e9sorier\u2026","rel":"","context":"Article similaire","block_context":{"text":"Article similaire","link":""},"img":{"alt_text":"","src":"","width":0,"height":0},"classes":[]},{"id":1424,"url":"https:\/\/asac.ca\/fr\/governance\/bylaws\/","url_meta":{"origin":1421,"position":3},"title":"R\u00e8glement","author":"asaccanada","date":"janvier 11, 2020","format":false,"excerpt":"Un aper\u00e7u des r\u00e8glements est ci-dessous. Une copie de la r\u00e9vision compl\u00e8te des statuts \u00e0 but non lucratif de 2018 est disponible ici. 1.00 G\u00e9n\u00e9ralit\u00e9s 1.01 D\u00e9finitions: Dans ce r\u00e8glement, et dans tout autre r\u00e8glement de la soci\u00e9t\u00e9, \u00e0 moins que le contexte ne le sp\u00e9cifie autrement : a. \u00ab\u2026","rel":"","context":"Article similaire","block_context":{"text":"Article similaire","link":""},"img":{"alt_text":"","src":"","width":0,"height":0},"classes":[]},{"id":4765,"url":"https:\/\/asac.ca\/agm\/","url_meta":{"origin":1421,"position":4},"title":"AGA \/\/ AGM","author":"asaccanada","date":"novembre 10, 2020","format":false,"excerpt":"\u00a0 [memberonly] ASSEMBL\u00c9ES G\u00c9N\u00c9RALES ANNUELLES \/\/ ANNUAL GENERAL MEETINGS AGA 2025 \/\/ AGM 2025 L'assembl\u00e9e g\u00e9n\u00e9rale annuelle de l'ASAC 2025 aura lieu le dimanche 19 mai 2025 \u00e0 13 h HE. \/\/ The ASAC 2025 Annual General Meeting will be held on Sunday, My 19, 2025 at 1:00pm ET. Ordre\u2026","rel":"","context":"Article similaire","block_context":{"text":"Article similaire","link":""},"img":{"alt_text":"","src":"","width":0,"height":0},"classes":[]},{"id":1434,"url":"https:\/\/asac.ca\/fr\/","url_meta":{"origin":1421,"position":5},"title":"Ici, les universitaires en commerce\u2026","author":"asaccanada","date":"octobre 18, 2024","format":false,"excerpt":"Ici, les universitaires en commerce construisent L\u2019Association des sciences administratives du Canada est le lieu o\u00f9 convergent la recherche commerciale, l'enseignement et les pratiques de gestion au Canada pour cr\u00e9er des \u00e9tincelles qui provoquent des changements positifs. Notre effectif coll\u00e9gial est un m\u00e9lange dynamique d\u2019universitaires, d\u2019\u00e9tudiants et de professionnels du\u2026","rel":"","context":"Article similaire","block_context":{"text":"Article similaire","link":""},"img":{"alt_text":"","src":"","width":0,"height":0},"classes":[]}],"amp_enabled":true,"_links":{"self":[{"href":"https:\/\/asac.ca\/fr\/wp-json\/wp\/v2\/pages\/1421","targetHints":{"allow":["GET"]}}],"collection":[{"href":"https:\/\/asac.ca\/fr\/wp-json\/wp\/v2\/pages"}],"about":[{"href":"https:\/\/asac.ca\/fr\/wp-json\/wp\/v2\/types\/page"}],"author":[{"embeddable":true,"href":"https:\/\/asac.ca\/fr\/wp-json\/wp\/v2\/users\/88652768"}],"replies":[{"embeddable":true,"href":"https:\/\/asac.ca\/fr\/wp-json\/wp\/v2\/comments?post=1421"}],"version-history":[{"count":38,"href":"https:\/\/asac.ca\/fr\/wp-json\/wp\/v2\/pages\/1421\/revisions"}],"predecessor-version":[{"id":22766,"href":"https:\/\/asac.ca\/fr\/wp-json\/wp\/v2\/pages\/1421\/revisions\/22766"}],"wp:attachment":[{"href":"https:\/\/asac.ca\/fr\/wp-json\/wp\/v2\/media?parent=1421"}],"curies":[{"name":"wp","href":"https:\/\/api.w.org\/{rel}","templated":true}]}}